{"id":23033,"date":"2014-10-22T21:14:33","date_gmt":"2014-10-22T21:14:33","guid":{"rendered":"https:\/\/stageccl.wpengine.com\/charlitas-laser\/frequency-severity-extreme-weather\/"},"modified":"2021-07-20T13:10:24","modified_gmt":"2021-07-20T13:10:24","slug":"tiempo-extremo","status":"publish","type":"page","link":"https:\/\/citizensclimatelobby.org\/es\/charlitas-laser\/tiempo-extremo\/","title":{"rendered":"Los eventos meteorol\u00f3gicos extremos"},"content":{"rendered":"<p>[spb_column width=&#8221;2\/3&#8243; el_position=&#8221;first&#8221;] [spb_text_block pb_margin_bottom=&#8221;no&#8221; pb_border_bottom=&#8221;no&#8221; width=&#8221;1\/1&#8243; el_position=&#8221;first last&#8221;]\n<h1><a href=\"#\" rel=\"tooltip\" data-original-title=\"Una charlita l\u00e1ser es una breve y potente oraci\u00f3n sobre un tema espec\u00edfico relacionado con el cambio clim\u00e1tico o la Renta Clim\u00e1tica. Las charlitas l\u00e1ser no son para memorizar, sino para internalizar.\" data-placement=\"right\"><span class=\"highlighted\">Charlita l\u00e1ser:<\/span><\/a> El cambio clim\u00e1tico y las condiciones meteorol\u00f3gicas extremas<\/h1>\n[\/spb_text_block] [spb_text_block pb_margin_bottom=&#8221;no&#8221; pb_border_bottom=&#8221;no&#8221; width=&#8221;1\/1&#8243; el_position=&#8221;first last&#8221;]\n<h3><strong>Pregunta: \u00bfCu\u00e1l es la conexi\u00f3n entre el calentamiento global y los eventos meteorol\u00f3gicos extremos?<\/strong><\/h3>\n<p><strong>Respuesta: <\/strong>El aumento de los gases de efecto invernadero interfiere con el enfriamiento radiante de la tierra, lo que hace que se acumule un exceso de energ\u00eda t\u00e9rmica en la atm\u00f3sfera y los oc\u00e9anos.\u00a0 Todos los patrones del clima son impulsado por la energ\u00eda.\u00a0 Con m\u00e1s energ\u00eda en el sistema, los altibajos normales del clima se sobrecargan con m\u00e1s calor y humedad. que se bombea al sistema, los altibajos normales del tiempo se sobrecargan con m\u00e1s calor y humedad [<a href=\"https:\/\/www.nationalgeographic.com\/environment\/global-warming\/global-warming-overview\/\">1<\/a>]<\/p>\n<p>Eso lleva a cambios atmosf\u00e9ricos m\u00e1s extremos. Aunquelas ubicaciones y los momentos precisos no pueden predecirse con mucha anticipaci\u00f3n, los huracanes, las sequ\u00edas, las olas de calor, los aguaceros masivos y hasta las nevadas extremas en algunas \u00e1reas son cada vez m\u00e1s frecuentes y m\u00e1s graves [<a href=\"https:\/\/nca2014.globalchange.gov\/highlights\/report-findings\/extreme-weather#intro-section-2\">2<\/a>,<a href=\"https:\/\/www.ncdc.noaa.gov\/news\/climate-change-and-extreme-snow-us\">3<\/a>]. A esta perturbaci\u00f3n se suma la p\u00e9rdida de capas de hielo marino y hielo del \u00c1rtico, que pueden estar cambiando los patrones a gran escala de las corrientes en el aire que gobiernan el estado del clima en todo el mundo [<a href=\"https:\/\/www.earthmagazine.org\/article\/comment-arctic-warming-and-midlatitude-weather-there-connection\">4<\/a>,<a href=\"https:\/\/www.nature.com\/articles\/s41467-017-02699-3\">5<\/a>]. Estos cambios en el \u00c1rtico tambi\u00e9n pueden cambiar las corrientes oce\u00e1nicas que a su vez afectan nuestro tiempo local [<a href=\"http:\/\/blogs.ei.columbia.edu\/2017\/06\/06\/could-climate-change-shut-down-the-gulf-stream\/\">6<\/a>].<\/p>\n<p>La sobrecarga del clima inducida por el calentamiento global no es solo un tema acad\u00e9mico, sino uno que impacta nuestra econom\u00eda. En 2017, los eventos meteorol\u00f3gicos extremos nos costaron unos asombrosos $306 mil millones en EEUU [<a href=\"https:\/\/www.climate.gov\/news-features\/blogs\/beyond-data\/2017-us-billion-dollar-weather-and-climate-disasters-historic-year\">7<\/a>]. Se conoce que el cambio clim\u00e1tico contribuye a ese costo [<a href=\"https:\/\/news.nationalgeographic.com\/2017\/09\/climate-change-costs-us-economy-billions-report\/\">8<\/a>,<a href=\"https:\/\/www.ncei.noaa.gov\/news\/calculating-cost-weather-and-climate-disasters\">9<\/a>]. A\u00fan est\u00e1 lejos el saber el tama\u00f1o preciso de esa contribuci\u00f3n, pero al ver las discusiones dentro de la industria de los seguros [<a href=\"https:\/\/www.scientificamerican.com\/article\/climate-change-goes-firmly-in-the-loss-column-for-insurers\/\">10<\/a>], podemos asumir que no es cero.<\/p>\n[\/spb_text_block] [spb_message color=&#8221;alert-info&#8221; width=&#8221;1\/1&#8243; el_position=&#8221;first last&#8221;]\n<p><strong>En pocas palabras:<\/strong> El calentamiento global acumula la energ\u00eda t\u00e9rmica en la atm\u00f3sfera y los oc\u00e9anos, perturbando toda clase de patr\u00f3n meteorol\u00f3gico y costando nuestra econom\u00eda cientos de miles de millones de d\u00f3lares.<\/p>\n[\/spb_message] [divider type=&#8221;standard&#8221; text=&#8221;Go to top&#8221; full_width=&#8221;no&#8221; width=&#8221;1\/1&#8243; el_position=&#8221;first last&#8221;] [boxed_content type=&#8221;whitestroke&#8221; pb_margin_bottom=&#8221;no&#8221; width=&#8221;1\/1&#8243; el_position=&#8221;first last&#8221;]\n<ol>\n<li>Pappas, S. \u201cWhat is Global Warming?\u201d LiveScience (10 de agosto de 2017).<\/li>\n<li>\u201cExtreme Weather.\u201d National Climate Assessment, U.S. Global Change Research Program (octubre de 2014).<\/li>\n<li>\u201cClimate Change and Extreme Snow in the U.S.\u201d NOAA (buscado el 9 de abril de 2018).<\/li>\n<li>Serreze, M.C. \u201cComment: Arctic warming and midlatitude weather: Is there a connection?.\u201d Earth: the Science Behind the Headlines (4 de diciembre de 2017).<\/li>\n<li>Trouet, V. et al. \u201cRecent enhanced high-summer North Atlantic Jet variability emerges from three-century context.\u201d Nature Communications 9:180 (12 de enero de 2018).<\/li>\n<li>Cho, R. \u201cCould Climate Change Shut Down the Gulf Stream?\u201d State of the Planet, Columbia University Earth Institute (6 de junio de 2017).<\/li>\n<li>Smith, A.B. \u201c2017 U.S. billion-dollar weather and climate disasters: a historic year in context.\u201d NOAA Climate.gov (8 de enero de 2018).<\/li>\n<li>Leahy, S. \u201cHidden Costs of Climate Change Running Hundreds of Billions a Year.\u201d National Geographic (27 de septiembre 2017).<\/li>\n<li>\u201cCalculating the Cost of Weather and Climate Disasters.\u201d NOAA National Centers for Environmental Information (8 enero de 2018).<\/li>\n<li>Hulac, B. \u201cClimate Change Goes Firmly in the \u2018Loss\u2019 Column for Insurers.\u201d Scientific American (15 de marzo de 2018).<\/li>\n<\/ol>\n<p>&nbsp;<\/p>\n<p>&nbsp;<\/p>\n[\/boxed_content] [spb_text_block pb_margin_bottom=&#8221;no&#8221; pb_border_bottom=&#8221;no&#8221; width=&#8221;1\/1&#8243; el_position=&#8221;first last&#8221;]\n<p><em>Se actualiz\u00f3 esta charlita el 1 de mayo de 2021.<br \/>\n<\/em><\/p>\n[\/spb_text_block] [\/spb_column] [sidebar_widget sidebar_id=&#8221;sidebar-1&#8243; width=&#8221;1\/3&#8243; el_position=&#8221;last&#8221;]<\/p>\n","protected":false},"excerpt":{"rendered":"<p>[spb_column width=&#8221;2\/3&#8243; el_position=&#8221;first&#8221;] [spb_text_block pb_margin_bottom=&#8221;no&#8221; pb_border_bottom=&#8221;no&#8221; width=&#8221;1\/1&#8243; el_position=&#8221;first last&#8221;] El cambio clim\u00e1tico y las condiciones meteorol\u00f3gicas extremas [\/spb_text_block] [spb_text_block pb_margin_bottom=&#8221;no&#8221; pb_border_bottom=&#8221;no&#8221; width=&#8221;1\/1&#8243; el_position=&#8221;first last&#8221;] Pregunta: \u00bfCu\u00e1l es la conexi\u00f3n entre el calentamiento global y los eventos meteorol\u00f3gicos extremos? Respuesta: El aumento de los gases de efecto invernadero interfiere con el enfriamiento radiante de la tierra, lo que hace que se [&hellip;]<\/p>\n","protected":false},"author":50,"featured_media":0,"parent":22843,"menu_order":0,"comment_status":"closed","ping_status":"closed","template":"laser_talk.php","meta":{"footnotes":""},"acf":[],"yoast_head":"<!-- This site is optimized with the Yoast SEO Premium plugin v21.3 (Yoast SEO v21.3) - https:\/\/yoast.com\/wordpress\/plugins\/seo\/ -->\n<title>Los eventos meteorol\u00f3gicos extremos | Citizens&#039; Climate Lobby<\/title>\n<meta name=\"description\" content=\"El calentamiento global genera las condiciones atmosf\u00e9ricas para eventos meteorol\u00f3gicos m\u00e1s frecuentes y severos.\" \/>\n<meta name=\"robots\" content=\"index, follow, max-snippet:-1, max-image-preview:large, max-video-preview:-1\" \/>\n<link rel=\"canonical\" href=\"https:\/\/citizensclimatelobby.org\/es\/charlitas-laser\/tiempo-extremo\/\" \/>\n<meta property=\"og:locale\" content=\"es_ES\" \/>\n<meta property=\"og:type\" content=\"article\" \/>\n<meta property=\"og:title\" content=\"Los eventos meteorol\u00f3gicos extremos\" \/>\n<meta property=\"og:description\" content=\"El calentamiento global genera las condiciones atmosf\u00e9ricas para eventos meteorol\u00f3gicos m\u00e1s frecuentes y severos.\" \/>\n<meta property=\"og:url\" content=\"https:\/\/citizensclimatelobby.org\/es\/charlitas-laser\/tiempo-extremo\/\" \/>\n<meta property=\"og:site_name\" content=\"Citizens&#039; Climate Lobby\" \/>\n<meta property=\"article:publisher\" content=\"https:\/\/www.facebook.com\/CitizensClimateLobby\/\" \/>\n<meta property=\"article:modified_time\" content=\"2021-07-20T13:10:24+00:00\" \/>\n<meta name=\"twitter:card\" content=\"summary_large_image\" \/>\n<meta name=\"twitter:site\" content=\"@citizensclimate\" \/>\n<meta name=\"twitter:label1\" content=\"Tiempo de lectura\" \/>\n\t<meta name=\"twitter:data1\" content=\"4 minutes\" \/>\n<script type=\"application\/ld+json\" class=\"yoast-schema-graph\">{\"@context\":\"https:\/\/schema.org\",\"@graph\":[{\"@type\":\"WebPage\",\"@id\":\"https:\/\/citizensclimatelobby.org\/es\/charlitas-laser\/tiempo-extremo\/\",\"url\":\"https:\/\/citizensclimatelobby.org\/es\/charlitas-laser\/tiempo-extremo\/\",\"name\":\"Los eventos meteorol\u00f3gicos extremos | Citizens&#039; Climate Lobby\",\"isPartOf\":{\"@id\":\"https:\/\/citizensclimatelobby.org\/#website\"},\"datePublished\":\"2014-10-22T21:14:33+00:00\",\"dateModified\":\"2021-07-20T13:10:24+00:00\",\"description\":\"El calentamiento global genera las condiciones atmosf\u00e9ricas para eventos meteorol\u00f3gicos m\u00e1s frecuentes y severos.\",\"breadcrumb\":{\"@id\":\"https:\/\/citizensclimatelobby.org\/es\/charlitas-laser\/tiempo-extremo\/#breadcrumb\"},\"inLanguage\":\"es-ES\",\"potentialAction\":[{\"@type\":\"ReadAction\",\"target\":[\"https:\/\/citizensclimatelobby.org\/es\/charlitas-laser\/tiempo-extremo\/\"]}]},{\"@type\":\"BreadcrumbList\",\"@id\":\"https:\/\/citizensclimatelobby.org\/es\/charlitas-laser\/tiempo-extremo\/#breadcrumb\",\"itemListElement\":[{\"@type\":\"ListItem\",\"position\":1,\"name\":\"Home\",\"item\":\"https:\/\/citizensclimatelobby.org\/es\/\"},{\"@type\":\"ListItem\",\"position\":2,\"name\":\"Charlitas l\u00e1ser &#8211; directorio\",\"item\":\"https:\/\/citizensclimatelobby.org\/es\/charlitas-laser\/\"},{\"@type\":\"ListItem\",\"position\":3,\"name\":\"Los eventos meteorol\u00f3gicos extremos\"}]},{\"@type\":\"WebSite\",\"@id\":\"https:\/\/citizensclimatelobby.org\/#website\",\"url\":\"https:\/\/citizensclimatelobby.org\/\",\"name\":\"Citizens&#039; Climate Lobby\",\"description\":\"Political will for a livable world\",\"publisher\":{\"@id\":\"https:\/\/citizensclimatelobby.org\/#organization\"},\"potentialAction\":[{\"@type\":\"SearchAction\",\"target\":{\"@type\":\"EntryPoint\",\"urlTemplate\":\"https:\/\/citizensclimatelobby.org\/?s={search_term_string}\"},\"query-input\":\"required name=search_term_string\"}],\"inLanguage\":\"es-ES\"},{\"@type\":\"Organization\",\"@id\":\"https:\/\/citizensclimatelobby.org\/#organization\",\"name\":\"Citizens' Climate Lobby\",\"url\":\"https:\/\/citizensclimatelobby.org\/\",\"logo\":{\"@type\":\"ImageObject\",\"inLanguage\":\"es-ES\",\"@id\":\"https:\/\/citizensclimatelobby.org\/#\/schema\/logo\/image\/\",\"url\":\"https:\/\/citizensclimatelobby.org\/wp-content\/uploads\/2017\/04\/CCL-Logo.png\",\"contentUrl\":\"https:\/\/citizensclimatelobby.org\/wp-content\/uploads\/2017\/04\/CCL-Logo.png\",\"width\":314,\"height\":201,\"caption\":\"Citizens' Climate Lobby\"},\"image\":{\"@id\":\"https:\/\/citizensclimatelobby.org\/#\/schema\/logo\/image\/\"},\"sameAs\":[\"https:\/\/www.facebook.com\/CitizensClimateLobby\/\",\"https:\/\/twitter.com\/citizensclimate\",\"https:\/\/www.instagram.com\/citizensclimate\/\",\"https:\/\/www.linkedin.com\/company\/citizens-climate-lobby\/\",\"https:\/\/www.youtube.com\/c\/CitizensClimateLobby\",\"https:\/\/en.wikipedia.org\/wiki\/Citizens_Climate_Lobby\"]}]}<\/script>\n<!-- \/ Yoast SEO Premium plugin. -->","yoast_head_json":{"title":"Los eventos meteorol\u00f3gicos extremos | Citizens&#039; Climate Lobby","description":"El calentamiento global genera las condiciones atmosf\u00e9ricas para eventos meteorol\u00f3gicos m\u00e1s frecuentes y severos.","robots":{"index":"index","follow":"follow","max-snippet":"max-snippet:-1","max-image-preview":"max-image-preview:large","max-video-preview":"max-video-preview:-1"},"canonical":"https:\/\/citizensclimatelobby.org\/es\/charlitas-laser\/tiempo-extremo\/","og_locale":"es_ES","og_type":"article","og_title":"Los eventos meteorol\u00f3gicos extremos","og_description":"El calentamiento global genera las condiciones atmosf\u00e9ricas para eventos meteorol\u00f3gicos m\u00e1s frecuentes y severos.","og_url":"https:\/\/citizensclimatelobby.org\/es\/charlitas-laser\/tiempo-extremo\/","og_site_name":"Citizens&#039; Climate Lobby","article_publisher":"https:\/\/www.facebook.com\/CitizensClimateLobby\/","article_modified_time":"2021-07-20T13:10:24+00:00","twitter_card":"summary_large_image","twitter_site":"@citizensclimate","twitter_misc":{"Tiempo de lectura":"4 minutes"},"schema":{"@context":"https:\/\/schema.org","@graph":[{"@type":"WebPage","@id":"https:\/\/citizensclimatelobby.org\/es\/charlitas-laser\/tiempo-extremo\/","url":"https:\/\/citizensclimatelobby.org\/es\/charlitas-laser\/tiempo-extremo\/","name":"Los eventos meteorol\u00f3gicos extremos | Citizens&#039; Climate Lobby","isPartOf":{"@id":"https:\/\/citizensclimatelobby.org\/#website"},"datePublished":"2014-10-22T21:14:33+00:00","dateModified":"2021-07-20T13:10:24+00:00","description":"El calentamiento global genera las condiciones atmosf\u00e9ricas para eventos meteorol\u00f3gicos m\u00e1s frecuentes y severos.","breadcrumb":{"@id":"https:\/\/citizensclimatelobby.org\/es\/charlitas-laser\/tiempo-extremo\/#breadcrumb"},"inLanguage":"es-ES","potentialAction":[{"@type":"ReadAction","target":["https:\/\/citizensclimatelobby.org\/es\/charlitas-laser\/tiempo-extremo\/"]}]},{"@type":"BreadcrumbList","@id":"https:\/\/citizensclimatelobby.org\/es\/charlitas-laser\/tiempo-extremo\/#breadcrumb","itemListElement":[{"@type":"ListItem","position":1,"name":"Home","item":"https:\/\/citizensclimatelobby.org\/es\/"},{"@type":"ListItem","position":2,"name":"Charlitas l\u00e1ser &#8211; directorio","item":"https:\/\/citizensclimatelobby.org\/es\/charlitas-laser\/"},{"@type":"ListItem","position":3,"name":"Los eventos meteorol\u00f3gicos extremos"}]},{"@type":"WebSite","@id":"https:\/\/citizensclimatelobby.org\/#website","url":"https:\/\/citizensclimatelobby.org\/","name":"Citizens&#039; Climate Lobby","description":"Political will for a livable world","publisher":{"@id":"https:\/\/citizensclimatelobby.org\/#organization"},"potentialAction":[{"@type":"SearchAction","target":{"@type":"EntryPoint","urlTemplate":"https:\/\/citizensclimatelobby.org\/?s={search_term_string}"},"query-input":"required name=search_term_string"}],"inLanguage":"es-ES"},{"@type":"Organization","@id":"https:\/\/citizensclimatelobby.org\/#organization","name":"Citizens' Climate Lobby","url":"https:\/\/citizensclimatelobby.org\/","logo":{"@type":"ImageObject","inLanguage":"es-ES","@id":"https:\/\/citizensclimatelobby.org\/#\/schema\/logo\/image\/","url":"https:\/\/citizensclimatelobby.org\/wp-content\/uploads\/2017\/04\/CCL-Logo.png","contentUrl":"https:\/\/citizensclimatelobby.org\/wp-content\/uploads\/2017\/04\/CCL-Logo.png","width":314,"height":201,"caption":"Citizens' Climate Lobby"},"image":{"@id":"https:\/\/citizensclimatelobby.org\/#\/schema\/logo\/image\/"},"sameAs":["https:\/\/www.facebook.com\/CitizensClimateLobby\/","https:\/\/twitter.com\/citizensclimate","https:\/\/www.instagram.com\/citizensclimate\/","https:\/\/www.linkedin.com\/company\/citizens-climate-lobby\/","https:\/\/www.youtube.com\/c\/CitizensClimateLobby","https:\/\/en.wikipedia.org\/wiki\/Citizens_Climate_Lobby"]}]}},"_links":{"self":[{"href":"https:\/\/citizensclimatelobby.org\/es\/wp-json\/wp\/v2\/pages\/23033"}],"collection":[{"href":"https:\/\/citizensclimatelobby.org\/es\/wp-json\/wp\/v2\/pages"}],"about":[{"href":"https:\/\/citizensclimatelobby.org\/es\/wp-json\/wp\/v2\/types\/page"}],"author":[{"embeddable":true,"href":"https:\/\/citizensclimatelobby.org\/es\/wp-json\/wp\/v2\/users\/50"}],"replies":[{"embeddable":true,"href":"https:\/\/citizensclimatelobby.org\/es\/wp-json\/wp\/v2\/comments?post=23033"}],"version-history":[{"count":0,"href":"https:\/\/citizensclimatelobby.org\/es\/wp-json\/wp\/v2\/pages\/23033\/revisions"}],"up":[{"embeddable":true,"href":"https:\/\/citizensclimatelobby.org\/es\/wp-json\/wp\/v2\/pages\/22843"}],"wp:attachment":[{"href":"https:\/\/citizensclimatelobby.org\/es\/wp-json\/wp\/v2\/media?parent=23033"}],"curies":[{"name":"wp","href":"https:\/\/api.w.org\/{rel}","templated":true}]}}