{"id":40390,"date":"2021-02-25T02:16:45","date_gmt":"2021-02-25T02:16:45","guid":{"rendered":"https:\/\/stageccl.wpengine.com\/climate-change-conferences\/"},"modified":"2024-05-21T20:35:23","modified_gmt":"2024-05-21T20:35:23","slug":"conferencias-cambio-climatico","status":"publish","type":"page","link":"https:\/\/citizensclimatelobby.org\/es\/conferencias-cambio-climatico\/","title":{"rendered":"Conferencias sobre el Cambio Clim\u00e1tico"},"content":{"rendered":"[spb_row wrap_type=&#8221;full-width&#8221; row_bg_type=&#8221;image&#8221; color_row_height=&#8221;content-height&#8221; bg_type=&#8221;cover&#8221; parallax_image_height=&#8221;content-height&#8221; parallax_image_movement=&#8221;fixed&#8221; parallax_image_speed=&#8221;0.5&#8243; parallax_video_height=&#8221;window-height&#8221; parallax_video_overlay=&#8221;none&#8221; row_overlay_opacity=&#8221;0&#8243; row_padding_vertical=&#8221;0&#8243; row_padding_horizontal=&#8221;0&#8243; row_margin_vertical=&#8221;0&#8243; remove_element_spacing=&#8221;no&#8221; inner_column_height=&#8221;col-natural&#8221; width=&#8221;1\/1&#8243; el_position=&#8221;first last&#8221;] [spb_text_block pb_margin_bottom=&#8221;no&#8221; pb_border_bottom=&#8221;no&#8221; el_class=&#8221;conference-header&#8221; width=&#8221;1\/1&#8243; el_position=&#8221;first last&#8221;]\n<div style=\"text-align: center; padding: 40px 10px 0px;\">Conferencias sobre el cambio clim\u00e1tico<\/div>\n[\/spb_text_block] [spb_text_block pb_margin_bottom=&#8221;no&#8221; pb_border_bottom=&#8221;no&#8221; el_class=&#8221;conference-subheader&#8221; width=&#8221;1\/1&#8243; el_position=&#8221;first last&#8221;]\n<div style=\"text-align: center; padding: 20px 10px; max-width: 32em; margin: auto;\">Con\u00e9ctese. Prep\u00e1rese. An\u00edmese.\u00a0 Las conferencias internacionales y regionales crecer\u00e1n sus habilidades como un defensor del clima.<\/div>\n[\/spb_text_block] [spb_raw_html width=&#8221;1\/1&#8243; el_position=&#8221;first last&#8221;]JTNDZGl2JTIwY2xhc3MlM0QlMjJjb25mZXJlbmNlLXZpZGVvJTIyJTNFJTBBJTIwJTIwJTIwJTIwJTIwJTNDZGl2JTIwY2xhc3MlM0QlMjJzcGJfdmlkZW9fd2lkZ2V0JTIwc3BiX2NvbnRlbnRfZWxlbWVudCUyMGNvbC1zbS0xMiUyMGhvbWVQYWdlVmlkZW8lMjBob21lUGFnZVZpZGVvMiUyMiUyMG9uY2xpY2slM0QlMjJoaWRlRWxlbWVudCUyOCUyNyUyM3BsYXlCdXR0b24tMSUyNyUyOSUyMiUzRSUwQSUyMCUyMCUyMCUyMCUyMCUzQ2RpdiUyMGNsYXNzJTNEJTIyc3BiX3dyYXBwZXIlMjIlM0UlMEElMjAlMjAlMjAlMjAlMjAlMjAlMjAlMjAlM0NkaXYlMjBjbGFzcyUzRCUyMnNmLXZpZGVvLXdyYXAlMjIlM0UlMEElMjAlMjAlMjAlMjAlMjAlMjAlMjAlMjAlMjAlMjAlMjAlMjAlM0MlMjEtLSUzQ2RpdiUyMGNsYXNzJTNEJTIydmktbGF6eWxvYWQlMjIlMjBkYXRhLWlkJTNEJTIyNTA0NjE4NDUzJTIyJTIwZGF0YS1sYW5nJTNEJTIyZXMlMjIlM0UlMEElMjAlMjAlMjAlMjAlMjAlMjAlMjAlMjAlMjAlMjAlMjAlMjAlMjAlMjAlMjAlMjAlM0NpbWclMjBjbGFzcyUzRCUyMnZpLWxhenlsb2FkLWltZyUyMiUyMHNyYyUzRCUyMiUyRndwLWNvbnRlbnQlMkZ1cGxvYWRzJTJGMjAxOCUyRjA2JTJGQ29uZmVyZW5jZXMuanBnJTIyJTIwJTJGJTNFJTBBJTIwJTIwJTIwJTIwJTIwJTIwJTIwJTIwJTIwJTIwJTIwJTIwJTNDJTJGZGl2JTNFLS0lM0UlMEElMjAlMjAlMjAlMjAlMjAlMjAlMjAlMjAlMjAlMjAlMjAlMjAlM0NkaXYlMjBjbGFzcyUzRCUyMnl0LWxhenlsb2FkJTIyJTIwZGF0YS1lbWJlZCUzRCUyMnJPRjFld29hMFJnJTIyJTNFJTBBJTIwJTIwJTIwJTIwJTIwJTIwJTIwJTIwJTIwJTIwJTIwJTIwJTIwJTIwJTIwJTIwJTNDJTIxLS0lM0NkaXYlMjBjbGFzcyUzRCUyMnl0LXBsYXktYnV0dG9uJTIyJTNFJTNDJTJGZGl2JTNFLS0lM0UlMEElMjAlMjAlMjAlMjAlMjAlMjAlMjAlMjAlMjAlMjAlMjAlMjAlM0MlMkZkaXYlM0UlMEElMjAlMjAlMjAlMjAlMjAlMjAlMjAlMjAlM0MlMkZkaXYlM0UlMEElMjAlMjAlMjAlMjAlM0MlMkZkaXYlM0UlMEElM0MlMkZkaXYlM0UlMEElM0NkaXYlMjBpZCUzRCUyMnBsYXlCdXR0b24tMSUyMiUyMGNsYXNzJTNEJTIyd2hpdGUtZWxsaXBzZSUyMiUzRSUwQSUyMCUyMCUyMCUzQ2RpdiUyMGNsYXNzJTNEJTIycGxheSUyMiUzRSUzQyUyRmRpdiUzRSUwQSUzQyUyRmRpdiUzRQ==[\/spb_raw_html] [blank_spacer height=&#8221;35px&#8221; width=&#8221;1\/1&#8243; el_position=&#8221;first last&#8221;] [\/spb_row] [blank_spacer height=&#8221;35px&#8221; width=&#8221;1\/1&#8243; el_position=&#8221;first last&#8221;] [spb_row wrap_type=&#8221;content-width&#8221; row_bg_type=&#8221;image&#8221; color_row_height=&#8221;content-height&#8221; bg_type=&#8221;cover&#8221; parallax_image_height=&#8221;content-height&#8221; parallax_image_movement=&#8221;fixed&#8221; parallax_image_speed=&#8221;0.5&#8243; parallax_video_height=&#8221;window-height&#8221; parallax_video_overlay=&#8221;none&#8221; row_overlay_opacity=&#8221;0&#8243; row_padding_vertical=&#8221;0&#8243; row_padding_horizontal=&#8221;0&#8243; row_margin_vertical=&#8221;0&#8243; remove_element_spacing=&#8221;no&#8221; inner_column_height=&#8221;col-natural&#8221; width=&#8221;1\/1&#8243; el_position=&#8221;first last&#8221;] [spb_text_block pb_margin_bottom=&#8221;no&#8221; pb_border_bottom=&#8221;no&#8221; el_class=&#8221;conference-header-2&#8243; width=&#8221;1\/1&#8243; el_position=&#8221;first last&#8221;]\n<h2 style=\"text-align: center;\">Venga a Washington en nuestra Conferencia Clim\u00e1tica y D\u00eda de Cabildeo<\/h2>\n[\/spb_text_block] [spb_text_block pb_margin_bottom=&#8221;no&#8221; pb_border_bottom=&#8221;no&#8221; width=&#8221;1\/1&#8243; el_position=&#8221;first last&#8221;]\n<p>\u00danase con miles de simpatizantes de CCL en Washington, D.C. para educarse sobre las pol\u00edticas clim\u00e1ticas, practicar sus habilidades de comunicaci\u00f3n, y disfrutar del compa\u00f1erismo de otros defensores del clima de todo el pa\u00eds en nuestras conferencias nacionales de dos d\u00edas. Luego, vaya a la Colina del Capitolio para reunirse en equipos con sus legisladores. Les pedir\u00e1 tomar acci\u00f3n sobre el calentamiento global y escuchar\u00e1 sus ideas. Experimentar\u00e1 Washington y nuestra democracia bajo una nueva luz. Organizamos nuestras Conferencias Clim\u00e1ticas y D\u00edas de Cabildeo dos veces al a\u00f1o, en junio y noviembre, y actualmente son virtuales debido a la pandemia. Los eventos se conducen en ingl\u00e9s.<\/p>\n[\/spb_text_block] [\/spb_row] [blank_spacer height=&#8221;35px&#8221; width=&#8221;1\/1&#8243; el_position=&#8221;first last&#8221;] [spb_row wrap_type=&#8221;content-width&#8221; row_bg_type=&#8221;image&#8221; color_row_height=&#8221;content-height&#8221; bg_type=&#8221;cover&#8221; parallax_image_height=&#8221;content-height&#8221; parallax_image_movement=&#8221;fixed&#8221; parallax_image_speed=&#8221;0.5&#8243; parallax_video_height=&#8221;window-height&#8221; parallax_video_overlay=&#8221;none&#8221; row_overlay_opacity=&#8221;0&#8243; row_padding_vertical=&#8221;0&#8243; row_padding_horizontal=&#8221;0&#8243; row_margin_vertical=&#8221;0&#8243; remove_element_spacing=&#8221;no&#8221; inner_column_height=&#8221;col-natural&#8221; width=&#8221;1\/1&#8243; el_position=&#8221;first last&#8221;] [spb_column width=&#8221;1\/2&#8243; el_position=&#8221;first&#8221;] [spb_single_image image=&#8221;38669&#8243; image_size=&#8221;full&#8221; frame=&#8221;noframe&#8221; intro_animation=&#8221;none&#8221; full_width=&#8221;no&#8221; lightbox=&#8221;no&#8221; link_target=&#8221;_self&#8221; width=&#8221;1\/1&#8243; el_position=&#8221;first last&#8221;] [spb_text_block pb_margin_bottom=&#8221;no&#8221; pb_border_bottom=&#8221;no&#8221; el_class=&#8221;conference-header-3&#8243; width=&#8221;1\/1&#8243; el_position=&#8221;first last&#8221;]\n<h3>Conferencia Internacional de Verano y D\u00eda de Cabildeo<\/h3>\n[\/spb_text_block] [spb_text_block pb_margin_bottom=&#8221;no&#8221; pb_border_bottom=&#8221;no&#8221; el_class=&#8221;subheader-paragraph&#8221; width=&#8221;1\/1&#8243; el_position=&#8221;first last&#8221;]\n<p><strong>8 al 11 de junio de 2024<br \/>\n<\/strong>Hotel Omni Shoreham, Washington, DC<br \/>\nEn l\u00ednea<\/p>\n[\/spb_text_block] [spb_text_block pb_margin_bottom=&#8221;no&#8221; pb_border_bottom=&#8221;no&#8221; el_class=&#8221;blue-link&#8221; width=&#8221;1\/1&#8243; el_position=&#8221;first last&#8221;]\n<p><a href=\"https:\/\/citizensclimatelobby.org\/climate-change-conferences\/summer\/\">INSCRIPCI\u00d3N<\/a><!--CHANGE TO \"REGISTER NOW\" ONCE REGISTRATION PAGE IS COMPLETE--><\/p>\n[\/spb_text_block] [\/spb_column] [spb_column width=&#8221;1\/2&#8243; el_position=&#8221;last&#8221;] [spb_single_image image=&#8221;38667&#8243; image_size=&#8221;full&#8221; frame=&#8221;noframe&#8221; intro_animation=&#8221;none&#8221; full_width=&#8221;no&#8221; lightbox=&#8221;no&#8221; link_target=&#8221;_self&#8221; width=&#8221;1\/1&#8243; el_position=&#8221;first last&#8221;] [spb_text_block pb_margin_bottom=&#8221;no&#8221; pb_border_bottom=&#8221;no&#8221; el_class=&#8221;conference-header-3&#8243; width=&#8221;1\/1&#8243; el_position=&#8221;first last&#8221;]\n<h3>Conferencia de Oto\u00f1o<\/h3>\n[\/spb_text_block] [spb_text_block pb_margin_bottom=&#8221;no&#8221; pb_border_bottom=&#8221;no&#8221; el_class=&#8221;subheader-paragraph&#8221; width=&#8221;1\/1&#8243; el_position=&#8221;first last&#8221;]\n<p><strong>4-5 de noviembre de 2023<\/strong><br \/>\nVea el resum\u00e9n<\/p>\n[\/spb_text_block] [spb_text_block pb_margin_bottom=&#8221;no&#8221; pb_border_bottom=&#8221;no&#8221; el_class=&#8221;blue-link&#8221; width=&#8221;1\/1&#8243; el_position=&#8221;first last&#8221;]\n<p><a href=\"https:\/\/citizensclimatelobby.org\/climate-change-conferences\/fall\/\">M\u00c1S INFORMACI\u00d3N (EN INGL\u00c9S)<\/a><\/p>\n[\/spb_text_block] [\/spb_column] [\/spb_row] [blank_spacer height=&#8221;35px&#8221; width=&#8221;1\/1&#8243; el_position=&#8221;first last&#8221;] [spb_row wrap_type=&#8221;content-width&#8221; row_bg_type=&#8221;image&#8221; color_row_height=&#8221;content-height&#8221; bg_type=&#8221;cover&#8221; parallax_image_height=&#8221;content-height&#8221; parallax_image_movement=&#8221;fixed&#8221; parallax_image_speed=&#8221;0.5&#8243; parallax_video_height=&#8221;window-height&#8221; parallax_video_overlay=&#8221;none&#8221; row_overlay_opacity=&#8221;0&#8243; row_padding_vertical=&#8221;0&#8243; row_padding_horizontal=&#8221;0&#8243; row_margin_vertical=&#8221;0&#8243; remove_element_spacing=&#8221;no&#8221; inner_column_height=&#8221;col-natural&#8221; width=&#8221;1\/1&#8243; el_position=&#8221;first last&#8221;] [spb_text_block pb_margin_bottom=&#8221;no&#8221; pb_border_bottom=&#8221;no&#8221; el_class=&#8221;conference-header-3-green&#8221; width=&#8221;1\/1&#8243; el_position=&#8221;first last&#8221;]\n<h3><b>Enf\u00f3quese en un tema espec\u00edfico en nuestras conferencias de intereses especiales<\/b><\/h3>\n[\/spb_text_block] [spb_single_image image=&#8221;52729&#8243; image_size=&#8221;full&#8221; frame=&#8221;noframe&#8221; intro_animation=&#8221;none&#8221; full_width=&#8221;no&#8221; lightbox=&#8221;no&#8221; link_target=&#8221;_self&#8221; width=&#8221;1\/3&#8243; el_position=&#8221;first&#8221;] [spb_column width=&#8221;2\/3&#8243; el_position=&#8221;last&#8221;] [spb_text_block pb_margin_bottom=&#8221;no&#8221; pb_border_bottom=&#8221;no&#8221; el_class=&#8221;subheader-paragraph&#8221; width=&#8221;1\/1&#8243; el_position=&#8221;first last&#8221;]\n<p>Nuestras Conferencias de Intereses Especiales se enfocan en temas o \u00e1reas de inter\u00e9s clim\u00e1tico. Las fechas y locales var\u00edan.<\/p>\n[\/spb_text_block] [spb_text_block pb_margin_bottom=&#8221;no&#8221; pb_border_bottom=&#8221;no&#8221; el_class=&#8221;conference-header-3&#8243; width=&#8221;1\/1&#8243; el_position=&#8221;first last&#8221;]\n<h3>\u00a0Conferencias de Intereses Especiales<\/h3>\n[\/spb_text_block] [spb_text_block pb_margin_bottom=&#8221;no&#8221; pb_border_bottom=&#8221;no&#8221; el_class=&#8221;subheader-paragraph&#8221; width=&#8221;1\/1&#8243; el_position=&#8221;first last&#8221;]\n<p><strong>Conferencia de Liderazgo Conservador sobre el Clima y D\u00eda de Cabildeo<\/strong><br \/>\n18 y 20 de marzo, 2024<br \/>\nWashigton, DC<br \/>\n<strong><a href=\"https:\/\/citizensclimatelobby.org\/climate-change-conferences\/conservative\/\">VEA EL RESUM\u00c9N<\/a> <\/strong>(EN INGL\u00c9S)<\/p>\n[\/spb_text_block] [\/spb_column] [spb_single_image image=&#8221;55636&#8243; image_size=&#8221;full&#8221; frame=&#8221;noframe&#8221; intro_animation=&#8221;none&#8221; full_width=&#8221;no&#8221; lightbox=&#8221;no&#8221; link_target=&#8221;_self&#8221; width=&#8221;1\/3&#8243; el_position=&#8221;first&#8221;] [spb_column width=&#8221;2\/3&#8243; el_position=&#8221;last&#8221;] [spb_text_block pb_margin_bottom=&#8221;no&#8221; pb_border_bottom=&#8221;no&#8221; el_class=&#8221;conference-header-3&#8243; width=&#8221;1\/1&#8243; el_position=&#8221;first last&#8221;]\n<h3>Conferencia de Inclusi\u00f3n<\/h3>\n[\/spb_text_block] [spb_text_block pb_margin_bottom=&#8221;no&#8221; pb_border_bottom=&#8221;no&#8221; el_class=&#8221;subheader-paragraph&#8221; width=&#8221;1\/1&#8243; el_position=&#8221;first last&#8221;]\n<p><strong>20 y 21 de septiembre, 2024<\/strong><br \/>\nVirtual<br \/>\n<strong><a href=\"http:\/\/cclusa.org\/inclusion\">M\u00c1S INFORMACI\u00d3N<\/a><\/strong><\/p>\n[\/spb_text_block] [\/spb_column] [\/spb_row] [spb_row wrap_type=&#8221;content-width&#8221; row_bg_type=&#8221;image&#8221; color_row_height=&#8221;content-height&#8221; bg_type=&#8221;cover&#8221; parallax_image_height=&#8221;content-height&#8221; parallax_image_movement=&#8221;fixed&#8221; parallax_image_speed=&#8221;0.5&#8243; parallax_video_height=&#8221;window-height&#8221; parallax_video_overlay=&#8221;none&#8221; row_overlay_opacity=&#8221;0&#8243; row_padding_vertical=&#8221;0&#8243; row_padding_horizontal=&#8221;0&#8243; row_margin_vertical=&#8221;0&#8243; remove_element_spacing=&#8221;no&#8221; inner_column_height=&#8221;col-natural&#8221; width=&#8221;1\/1&#8243; el_position=&#8221;first last&#8221;] [spb_text_block pb_margin_bottom=&#8221;no&#8221; pb_border_bottom=&#8221;no&#8221; el_class=&#8221;conference-header-3-green&#8221; width=&#8221;1\/1&#8243; el_position=&#8221;first last&#8221;]\n<h3>Qu\u00e9dese local en nuestras conferencias clim\u00e1ticas regionales y estatales<\/h3>\n[\/spb_text_block] [spb_single_image image=&#8221;38665&#8243; image_size=&#8221;full&#8221; frame=&#8221;noframe&#8221; intro_animation=&#8221;none&#8221; full_width=&#8221;no&#8221; lightbox=&#8221;no&#8221; link_target=&#8221;_self&#8221; width=&#8221;1\/3&#8243; el_position=&#8221;first&#8221;] [spb_column width=&#8221;2\/3&#8243; el_position=&#8221;last&#8221;] [spb_text_block pb_margin_bottom=&#8221;no&#8221; pb_border_bottom=&#8221;no&#8221; el_class=&#8221;subheader-paragraph&#8221; width=&#8221;1\/1&#8243; el_position=&#8221;first last&#8221;]\n<p>Nuestras conferencias estatales y regionales son versiones m\u00e1s peque\u00f1as de nuestra conferencia nacional. A\u00f1aden un enfoque en temas relevantes para su regi\u00f3n o estado. Tambi\u00e9n abordan las soluciones clim\u00e1ticas regionales o estatales que sean importantes en el trabajo hacia una soluci\u00f3n nacional. Las conferencias regionales y estatales se organizan una vez al a\u00f1o, y var\u00edan entre eventos virtuales o en persona.<\/p>\n[\/spb_text_block] [spb_text_block pb_margin_bottom=&#8221;no&#8221; pb_border_bottom=&#8221;no&#8221; el_class=&#8221;conference-header-3&#8243; width=&#8221;1\/1&#8243; el_position=&#8221;first last&#8221;]\n<h3>Conferencias Regionales y Estatales<\/h3>\n[\/spb_text_block] [spb_text_block pb_margin_bottom=&#8221;no&#8221; pb_border_bottom=&#8221;no&#8221; el_class=&#8221;subheader-paragraph&#8221; width=&#8221;1\/1&#8243; el_position=&#8221;first last&#8221;]\n<p><strong>Las fechas y locales var\u00edan<\/strong><br \/>\nExplore los temas actuales y relevantes que impactan a su regi\u00f3n o estado.<\/p>\n[\/spb_text_block] [spb_text_block pb_margin_bottom=&#8221;no&#8221; pb_border_bottom=&#8221;no&#8221; el_class=&#8221;blue-link&#8221; width=&#8221;1\/1&#8243; el_position=&#8221;first last&#8221;]\n<p><a href=\"https:\/\/www.eventbrite.com\/cc\/regional-and-state-conferences-360389\">BUSQUE UNA CONFERENCIA<\/a><\/p>\n[\/spb_text_block] [\/spb_column] [\/spb_row] [blank_spacer height=&#8221;35px&#8221; width=&#8221;1\/1&#8243; el_position=&#8221;first last&#8221;] [blank_spacer height=&#8221;35px&#8221; width=&#8221;1\/1&#8243; el_position=&#8221;first last&#8221;] [spb_row wrap_type=&#8221;content-width&#8221; row_bg_type=&#8221;image&#8221; color_row_height=&#8221;content-height&#8221; bg_type=&#8221;cover&#8221; parallax_image_height=&#8221;content-height&#8221; parallax_image_movement=&#8221;fixed&#8221; parallax_image_speed=&#8221;0.5&#8243; parallax_video_height=&#8221;window-height&#8221; parallax_video_overlay=&#8221;none&#8221; row_overlay_opacity=&#8221;0&#8243; row_padding_vertical=&#8221;0&#8243; row_padding_horizontal=&#8221;0&#8243; row_margin_vertical=&#8221;0&#8243; remove_element_spacing=&#8221;no&#8221; inner_column_height=&#8221;col-natural&#8221; row_el_class=&#8221;gray-background&#8221; width=&#8221;1\/1&#8243; el_position=&#8221;first last&#8221;] [blank_spacer height=&#8221;30px&#8221; spacer_id=&#8221;navigation&#8221; width=&#8221;1\/1&#8243; el_position=&#8221;first last&#8221;] [spb_text_block pb_margin_bottom=&#8221;no&#8221; pb_border_bottom=&#8221;no&#8221; el_class=&#8221;conference-header-2&#8243; width=&#8221;1\/1&#8243; el_position=&#8221;first last&#8221;]\n<h2>Vea nuestras Conferencias Nacionales anteriores<\/h2>\n[\/spb_text_block] [spb_text_block pb_margin_bottom=&#8221;no&#8221; pb_border_bottom=&#8221;no&#8221; el_class=&#8221;subheader-paragraph&#8221; width=&#8221;1\/1&#8243; el_position=&#8221;first last&#8221;]\n<p style=\"text-align: center;\">Visite nuestras <a href=\"https:\/\/www.youtube.com\/c\/CitizensClimateLobby\/playlists\">listas de reproducci\u00f3n en YouTube<\/a> para las grabaciones de las conferencias anteriores. Visite <a href=\"https:\/\/community.citizensclimate.org\/resources\/item\/19\/381\">La Comunidad CCL<\/a> para las diapositivas de las presentaciones dadas en las conferencias.<\/p>\n[\/spb_text_block] [blank_spacer height=&#8221;30px&#8221; spacer_id=&#8221;navigation&#8221; width=&#8221;1\/1&#8243; el_position=&#8221;first last&#8221;] [spb_column width=&#8221;1\/4&#8243; el_position=&#8221;first&#8221;] [spb_single_image image=&#8221;57305&#8243; image_size=&#8221;full&#8221; frame=&#8221;noframe&#8221; intro_animation=&#8221;none&#8221; full_width=&#8221;no&#8221; lightbox=&#8221;no&#8221; image_link=&#8221;https:\/\/www.youtube.com\/watch?v=YdQ3WHP-myo&amp;list=PLXjILMNokmN4TPBYqfx8QsSIuNx1r4TRj&amp;index=4&#8243; link_target=&#8221;_self&#8221; width=&#8221;1\/1&#8243; el_position=&#8221;first last&#8221;] [spb_text_block pb_margin_bottom=&#8221;no&#8221; pb_border_bottom=&#8221;no&#8221; el_class=&#8221;subheader-paragraph&#8221; width=&#8221;1\/1&#8243; el_position=&#8221;first last&#8221;]\n<p><a href=\"https:\/\/www.youtube.com\/watch?v=wImSBEIkSy4&amp;list=PLXjILMNokmN6TvUOi2afl0gg5Hg0MLm12\"><b>Conferencia Virtual de Oto\u00f1o 2023<\/b><\/a><br \/>\nOrador Principal: Van Jones<\/p>\n[\/spb_text_block] [\/spb_column] [spb_column width=&#8221;1\/4&#8243;] [spb_single_image image=&#8221;58662&#8243; image_size=&#8221;full&#8221; frame=&#8221;noframe&#8221; intro_animation=&#8221;none&#8221; full_width=&#8221;no&#8221; lightbox=&#8221;no&#8221; image_link=&#8221;https:\/\/www.youtube.com\/watch?v=8GYBROMMaOI&amp;list=PLXjILMNokmN5aHyDccyL_D3w-mypbWlxR&#8221; link_target=&#8221;_self&#8221; width=&#8221;1\/1&#8243; el_position=&#8221;first last&#8221;] [spb_text_block pb_margin_bottom=&#8221;no&#8221; pb_border_bottom=&#8221;no&#8221; el_class=&#8221;subheader-paragraph&#8221; width=&#8221;1\/1&#8243; el_position=&#8221;first last&#8221;]\n<p><a href=\"https:\/\/www.youtube.com\/watch?v=kqHTI-4Bt7E&amp;list=PLXjILMNokmN61ZCNQgZ-DjIzSG2R5DkcZ\"><b>Conferencia de Inclusion 2023<\/b><\/a><br \/>\nEvento virtual centrado en las Islas del Pac\u00edfico<\/p>\n[\/spb_text_block] [\/spb_column] [spb_column width=&#8221;1\/4&#8243;] [spb_single_image image=&#8221;38725&#8243; image_size=&#8221;full&#8221; frame=&#8221;noframe&#8221; intro_animation=&#8221;none&#8221; full_width=&#8221;no&#8221; lightbox=&#8221;no&#8221; image_link=&#8221;https:\/\/www.youtube.com\/watch?v=IL7rp0M4xjw&amp;list=PLXjILMNokmN5LaTnurGjW0Tc-Wabnw6sI&amp;index=2&#8243; link_target=&#8221;_self&#8221; width=&#8221;1\/1&#8243; el_position=&#8221;first last&#8221;] [spb_text_block pb_margin_bottom=&#8221;no&#8221; pb_border_bottom=&#8221;no&#8221; el_class=&#8221;subheader-paragraph&#8221; width=&#8221;1\/1&#8243; el_position=&#8221;first last&#8221;]\n<p><a href=\"https:\/\/www.youtube.com\/watch?v=IL7rp0M4xjw&amp;list=PLXjILMNokmN5LaTnurGjW0Tc-Wabnw6sI&amp;index=2\"><strong>Conferencia #CCL2020\u200b en junio<\/strong><\/a><br \/>\nSesi\u00f3n plenaria de clausura y comentarios destacados<\/p>\n[\/spb_text_block] [\/spb_column] [spb_column width=&#8221;1\/4&#8243; el_position=&#8221;last&#8221;] [spb_single_image image=&#8221;38731&#8243; image_size=&#8221;full&#8221; frame=&#8221;noframe&#8221; intro_animation=&#8221;none&#8221; full_width=&#8221;no&#8221; lightbox=&#8221;no&#8221; image_link=&#8221;https:\/\/www.youtube.com\/watch?v=aLWe03qXorU&amp;list=PLXjILMNokmN54kW1msuxraAoc9gE2R-_y&#8221; link_target=&#8221;_self&#8221; width=&#8221;1\/1&#8243; el_position=&#8221;first last&#8221;] [spb_text_block pb_margin_bottom=&#8221;no&#8221; pb_border_bottom=&#8221;no&#8221; el_class=&#8221;subheader-paragraph&#8221; width=&#8221;1\/1&#8243; el_position=&#8221;first last&#8221;]\n<p><a href=\"https:\/\/www.youtube.com\/watch?v=aLWe03qXorU&amp;list=PLXjILMNokmN54kW1msuxraAoc9gE2R-_y\"><strong>Conferencia de Verano #CCL2019\u200b<\/strong><\/a><br \/>\nPresentaci\u00f3n de apertura con la Dra. Katharine Hayhoe<\/p>\n[\/spb_text_block] [\/spb_column] [blank_spacer height=&#8221;30px&#8221; spacer_id=&#8221;navigation&#8221; width=&#8221;1\/1&#8243; el_position=&#8221;first last&#8221;] [\/spb_row]\n","protected":false},"excerpt":{"rendered":"<p>[spb_row wrap_type=&#8221;full-width&#8221; row_bg_type=&#8221;image&#8221; color_row_height=&#8221;content-height&#8221; bg_type=&#8221;cover&#8221; parallax_image_height=&#8221;content-height&#8221; parallax_image_movement=&#8221;fixed&#8221; parallax_image_speed=&#8221;0.5&#8243; parallax_video_height=&#8221;window-height&#8221; parallax_video_overlay=&#8221;none&#8221; row_overlay_opacity=&#8221;0&#8243; row_padding_vertical=&#8221;0&#8243; row_padding_horizontal=&#8221;0&#8243; row_margin_vertical=&#8221;0&#8243; remove_element_spacing=&#8221;no&#8221; inner_column_height=&#8221;col-natural&#8221; width=&#8221;1\/1&#8243; el_position=&#8221;first last&#8221;] [spb_text_block pb_margin_bottom=&#8221;no&#8221; pb_border_bottom=&#8221;no&#8221; el_class=&#8221;conference-header&#8221; width=&#8221;1\/1&#8243; el_position=&#8221;first last&#8221;] Conferencias sobre el cambio clim\u00e1tico [\/spb_text_block] [spb_text_block pb_margin_bottom=&#8221;no&#8221; pb_border_bottom=&#8221;no&#8221; el_class=&#8221;conference-subheader&#8221; width=&#8221;1\/1&#8243; el_position=&#8221;first last&#8221;] Con\u00e9ctese. Prep\u00e1rese. An\u00edmese.\u00a0 Las conferencias internacionales y regionales crecer\u00e1n sus habilidades como un defensor del clima. [\/spb_text_block] [spb_raw_html width=&#8221;1\/1&#8243; el_position=&#8221;first last&#8221;]JTNDZGl2JTIwY2xhc3MlM0QlMjJjb25mZXJlbmNlLXZpZGVvJTIyJTNFJTBBJTIwJTIwJTIwJTIwJTIwJTNDZGl2JTIwY2xhc3MlM0QlMjJzcGJfdmlkZW9fd2lkZ2V0JTIwc3BiX2NvbnRlbnRfZWxlbWVudCUyMGNvbC1zbS0xMiUyMGhvbWVQYWdlVmlkZW8lMjBob21lUGFnZVZpZGVvMiUyMiUyMG9uY2xpY2slM0QlMjJoaWRlRWxlbWVudCUyOCUyNyUyM3BsYXlCdXR0b24tMSUyNyUyOSUyMiUzRSUwQSUyMCUyMCUyMCUyMCUyMCUzQ2RpdiUyMGNsYXNzJTNEJTIyc3BiX3dyYXBwZXIlMjIlM0UlMEElMjAlMjAlMjAlMjAlMjAlMjAlMjAlMjAlM0NkaXYlMjBjbGFzcyUzRCUyMnNmLXZpZGVvLXdyYXAlMjIlM0UlMEElMjAlMjAlMjAlMjAlMjAlMjAlMjAlMjAlMjAlMjAlMjAlMjAlM0MlMjEtLSUzQ2RpdiUyMGNsYXNzJTNEJTIydmktbGF6eWxvYWQlMjIlMjBkYXRhLWlkJTNEJTIyNTA0NjE4NDUzJTIyJTIwZGF0YS1sYW5nJTNEJTIyZXMlMjIlM0UlMEElMjAlMjAlMjAlMjAlMjAlMjAlMjAlMjAlMjAlMjAlMjAlMjAlMjAlMjAlMjAlMjAlM0NpbWclMjBjbGFzcyUzRCUyMnZpLWxhenlsb2FkLWltZyUyMiUyMHNyYyUzRCUyMiUyRndwLWNvbnRlbnQlMkZ1cGxvYWRzJTJGMjAxOCUyRjA2JTJGQ29uZmVyZW5jZXMuanBnJTIyJTIwJTJGJTNFJTBBJTIwJTIwJTIwJTIwJTIwJTIwJTIwJTIwJTIwJTIwJTIwJTIwJTNDJTJGZGl2JTNFLS0lM0UlMEElMjAlMjAlMjAlMjAlMjAlMjAlMjAlMjAlMjAlMjAlMjAlMjAlM0NkaXYlMjBjbGFzcyUzRCUyMnl0LWxhenlsb2FkJTIyJTIwZGF0YS1lbWJlZCUzRCUyMnJPRjFld29hMFJnJTIyJTNFJTBBJTIwJTIwJTIwJTIwJTIwJTIwJTIwJTIwJTIwJTIwJTIwJTIwJTIwJTIwJTIwJTIwJTNDJTIxLS0lM0NkaXYlMjBjbGFzcyUzRCUyMnl0LXBsYXktYnV0dG9uJTIyJTNFJTNDJTJGZGl2JTNFLS0lM0UlMEElMjAlMjAlMjAlMjAlMjAlMjAlMjAlMjAlMjAlMjAlMjAlMjAlM0MlMkZkaXYlM0UlMEElMjAlMjAlMjAlMjAlMjAlMjAlMjAlMjAlM0MlMkZkaXYlM0UlMEElMjAlMjAlMjAlMjAlM0MlMkZkaXYlM0UlMEElM0MlMkZkaXYlM0UlMEElM0NkaXYlMjBpZCUzRCUyMnBsYXlCdXR0b24tMSUyMiUyMGNsYXNzJTNEJTIyd2hpdGUtZWxsaXBzZSUyMiUzRSUwQSUyMCUyMCUyMCUzQ2RpdiUyMGNsYXNzJTNEJTIycGxheSUyMiUzRSUzQyUyRmRpdiUzRSUwQSUzQyUyRmRpdiUzRQ==[\/spb_raw_html] [&hellip;]<\/p>\n","protected":false},"author":105,"featured_media":38670,"parent":0,"menu_order":8,"comment_status":"closed","ping_status":"closed","template":"","meta":{"footnotes":""},"acf":[],"yoast_head":"<!-- This site is optimized with the Yoast SEO Premium plugin v21.3 (Yoast SEO v21.3) - https:\/\/yoast.com\/wordpress\/plugins\/seo\/ -->\n<title>Climate Change Conferences | Citizens&#039; Climate Lobby<\/title>\n<meta name=\"description\" content=\"Join other climate advocates at one of our climate change conferences, and help us ask Congress to take action on climate change now.\" \/>\n<meta name=\"robots\" content=\"index, follow, max-snippet:-1, max-image-preview:large, max-video-preview:-1\" \/>\n<link rel=\"canonical\" href=\"https:\/\/citizensclimatelobby.org\/es\/conferencias-cambio-climatico\/\" \/>\n<meta property=\"og:locale\" content=\"es_ES\" \/>\n<meta property=\"og:type\" content=\"article\" \/>\n<meta property=\"og:title\" content=\"Climate Change Conferences | Citizens&#039; Climate Lobby\" \/>\n<meta property=\"og:description\" content=\"Join other climate advocates at one of our climate change conferences, and help us ask Congress to take action on climate change now.\" \/>\n<meta property=\"og:url\" content=\"https:\/\/citizensclimatelobby.org\/es\/conferencias-cambio-climatico\/\" \/>\n<meta property=\"og:site_name\" content=\"Citizens&#039; Climate Lobby\" \/>\n<meta property=\"article:publisher\" content=\"https:\/\/www.facebook.com\/CitizensClimateLobby\/\" \/>\n<meta property=\"article:modified_time\" content=\"2024-05-21T20:35:23+00:00\" \/>\n<meta property=\"og:image\" content=\"https:\/\/citizensclimatelobby.org\/wp-content\/uploads\/2021\/02\/CCL_Jun2018-452_preview-1-1.png\" \/>\n\t<meta property=\"og:image:width\" content=\"475\" \/>\n\t<meta property=\"og:image:height\" content=\"292\" \/>\n\t<meta property=\"og:image:type\" content=\"image\/png\" \/>\n<meta name=\"twitter:card\" content=\"summary_large_image\" \/>\n<meta name=\"twitter:title\" content=\"Climate Change Conferences | Citizens&#039; Climate Lobby\" \/>\n<meta name=\"twitter:description\" content=\"Join other climate advocates at one of our climate change conferences, and help us ask Congress to take action on climate change now.\" \/>\n<meta name=\"twitter:site\" content=\"@citizensclimate\" \/>\n<meta name=\"twitter:label1\" content=\"Tiempo de lectura\" \/>\n\t<meta name=\"twitter:data1\" content=\"5 minutes\" \/>\n<script type=\"application\/ld+json\" class=\"yoast-schema-graph\">{\"@context\":\"https:\/\/schema.org\",\"@graph\":[{\"@type\":\"WebPage\",\"@id\":\"https:\/\/citizensclimatelobby.org\/es\/conferencias-cambio-climatico\/\",\"url\":\"https:\/\/citizensclimatelobby.org\/es\/conferencias-cambio-climatico\/\",\"name\":\"Climate Change Conferences | Citizens' Climate Lobby\",\"isPartOf\":{\"@id\":\"https:\/\/citizensclimatelobby.org\/#website\"},\"datePublished\":\"2021-02-25T02:16:45+00:00\",\"dateModified\":\"2024-05-21T20:35:23+00:00\",\"description\":\"Join other climate advocates at one of our climate change conferences, and help us ask Congress to take action on climate change now.\",\"breadcrumb\":{\"@id\":\"https:\/\/citizensclimatelobby.org\/es\/conferencias-cambio-climatico\/#breadcrumb\"},\"inLanguage\":\"es-ES\",\"potentialAction\":[{\"@type\":\"ReadAction\",\"target\":[\"https:\/\/citizensclimatelobby.org\/es\/conferencias-cambio-climatico\/\"]}]},{\"@type\":\"BreadcrumbList\",\"@id\":\"https:\/\/citizensclimatelobby.org\/es\/conferencias-cambio-climatico\/#breadcrumb\",\"itemListElement\":[{\"@type\":\"ListItem\",\"position\":1,\"name\":\"Home\",\"item\":\"https:\/\/citizensclimatelobby.org\/es\/\"},{\"@type\":\"ListItem\",\"position\":2,\"name\":\"Conferencias sobre el Cambio Clim\u00e1tico\"}]},{\"@type\":\"WebSite\",\"@id\":\"https:\/\/citizensclimatelobby.org\/#website\",\"url\":\"https:\/\/citizensclimatelobby.org\/\",\"name\":\"Citizens&#039; Climate Lobby\",\"description\":\"Political will for a livable world\",\"publisher\":{\"@id\":\"https:\/\/citizensclimatelobby.org\/#organization\"},\"potentialAction\":[{\"@type\":\"SearchAction\",\"target\":{\"@type\":\"EntryPoint\",\"urlTemplate\":\"https:\/\/citizensclimatelobby.org\/?s={search_term_string}\"},\"query-input\":\"required name=search_term_string\"}],\"inLanguage\":\"es-ES\"},{\"@type\":\"Organization\",\"@id\":\"https:\/\/citizensclimatelobby.org\/#organization\",\"name\":\"Citizens' Climate Lobby\",\"url\":\"https:\/\/citizensclimatelobby.org\/\",\"logo\":{\"@type\":\"ImageObject\",\"inLanguage\":\"es-ES\",\"@id\":\"https:\/\/citizensclimatelobby.org\/#\/schema\/logo\/image\/\",\"url\":\"https:\/\/citizensclimatelobby.org\/wp-content\/uploads\/2017\/04\/CCL-Logo.png\",\"contentUrl\":\"https:\/\/citizensclimatelobby.org\/wp-content\/uploads\/2017\/04\/CCL-Logo.png\",\"width\":314,\"height\":201,\"caption\":\"Citizens' Climate Lobby\"},\"image\":{\"@id\":\"https:\/\/citizensclimatelobby.org\/#\/schema\/logo\/image\/\"},\"sameAs\":[\"https:\/\/www.facebook.com\/CitizensClimateLobby\/\",\"https:\/\/twitter.com\/citizensclimate\",\"https:\/\/www.instagram.com\/citizensclimate\/\",\"https:\/\/www.linkedin.com\/company\/citizens-climate-lobby\/\",\"https:\/\/www.youtube.com\/c\/CitizensClimateLobby\",\"https:\/\/en.wikipedia.org\/wiki\/Citizens_Climate_Lobby\"]}]}<\/script>\n<!-- \/ Yoast SEO Premium plugin. -->","yoast_head_json":{"title":"Climate Change Conferences | Citizens' Climate Lobby","description":"Join other climate advocates at one of our climate change conferences, and help us ask Congress to take action on climate change now.","robots":{"index":"index","follow":"follow","max-snippet":"max-snippet:-1","max-image-preview":"max-image-preview:large","max-video-preview":"max-video-preview:-1"},"canonical":"https:\/\/citizensclimatelobby.org\/es\/conferencias-cambio-climatico\/","og_locale":"es_ES","og_type":"article","og_title":"Climate Change Conferences | Citizens&#039; Climate Lobby","og_description":"Join other climate advocates at one of our climate change conferences, and help us ask Congress to take action on climate change now.","og_url":"https:\/\/citizensclimatelobby.org\/es\/conferencias-cambio-climatico\/","og_site_name":"Citizens&#039; Climate Lobby","article_publisher":"https:\/\/www.facebook.com\/CitizensClimateLobby\/","article_modified_time":"2024-05-21T20:35:23+00:00","og_image":[{"width":475,"height":292,"url":"https:\/\/citizensclimatelobby.org\/wp-content\/uploads\/2021\/02\/CCL_Jun2018-452_preview-1-1.png","type":"image\/png"}],"twitter_card":"summary_large_image","twitter_title":"Climate Change Conferences | Citizens&#039; Climate Lobby","twitter_description":"Join other climate advocates at one of our climate change conferences, and help us ask Congress to take action on climate change now.","twitter_site":"@citizensclimate","twitter_misc":{"Tiempo de lectura":"5 minutes"},"schema":{"@context":"https:\/\/schema.org","@graph":[{"@type":"WebPage","@id":"https:\/\/citizensclimatelobby.org\/es\/conferencias-cambio-climatico\/","url":"https:\/\/citizensclimatelobby.org\/es\/conferencias-cambio-climatico\/","name":"Climate Change Conferences | Citizens' Climate Lobby","isPartOf":{"@id":"https:\/\/citizensclimatelobby.org\/#website"},"datePublished":"2021-02-25T02:16:45+00:00","dateModified":"2024-05-21T20:35:23+00:00","description":"Join other climate advocates at one of our climate change conferences, and help us ask Congress to take action on climate change now.","breadcrumb":{"@id":"https:\/\/citizensclimatelobby.org\/es\/conferencias-cambio-climatico\/#breadcrumb"},"inLanguage":"es-ES","potentialAction":[{"@type":"ReadAction","target":["https:\/\/citizensclimatelobby.org\/es\/conferencias-cambio-climatico\/"]}]},{"@type":"BreadcrumbList","@id":"https:\/\/citizensclimatelobby.org\/es\/conferencias-cambio-climatico\/#breadcrumb","itemListElement":[{"@type":"ListItem","position":1,"name":"Home","item":"https:\/\/citizensclimatelobby.org\/es\/"},{"@type":"ListItem","position":2,"name":"Conferencias sobre el Cambio Clim\u00e1tico"}]},{"@type":"WebSite","@id":"https:\/\/citizensclimatelobby.org\/#website","url":"https:\/\/citizensclimatelobby.org\/","name":"Citizens&#039; Climate Lobby","description":"Political will for a livable world","publisher":{"@id":"https:\/\/citizensclimatelobby.org\/#organization"},"potentialAction":[{"@type":"SearchAction","target":{"@type":"EntryPoint","urlTemplate":"https:\/\/citizensclimatelobby.org\/?s={search_term_string}"},"query-input":"required name=search_term_string"}],"inLanguage":"es-ES"},{"@type":"Organization","@id":"https:\/\/citizensclimatelobby.org\/#organization","name":"Citizens' Climate Lobby","url":"https:\/\/citizensclimatelobby.org\/","logo":{"@type":"ImageObject","inLanguage":"es-ES","@id":"https:\/\/citizensclimatelobby.org\/#\/schema\/logo\/image\/","url":"https:\/\/citizensclimatelobby.org\/wp-content\/uploads\/2017\/04\/CCL-Logo.png","contentUrl":"https:\/\/citizensclimatelobby.org\/wp-content\/uploads\/2017\/04\/CCL-Logo.png","width":314,"height":201,"caption":"Citizens' Climate Lobby"},"image":{"@id":"https:\/\/citizensclimatelobby.org\/#\/schema\/logo\/image\/"},"sameAs":["https:\/\/www.facebook.com\/CitizensClimateLobby\/","https:\/\/twitter.com\/citizensclimate","https:\/\/www.instagram.com\/citizensclimate\/","https:\/\/www.linkedin.com\/company\/citizens-climate-lobby\/","https:\/\/www.youtube.com\/c\/CitizensClimateLobby","https:\/\/en.wikipedia.org\/wiki\/Citizens_Climate_Lobby"]}]}},"_links":{"self":[{"href":"https:\/\/citizensclimatelobby.org\/es\/wp-json\/wp\/v2\/pages\/40390"}],"collection":[{"href":"https:\/\/citizensclimatelobby.org\/es\/wp-json\/wp\/v2\/pages"}],"about":[{"href":"https:\/\/citizensclimatelobby.org\/es\/wp-json\/wp\/v2\/types\/page"}],"author":[{"embeddable":true,"href":"https:\/\/citizensclimatelobby.org\/es\/wp-json\/wp\/v2\/users\/105"}],"replies":[{"embeddable":true,"href":"https:\/\/citizensclimatelobby.org\/es\/wp-json\/wp\/v2\/comments?post=40390"}],"version-history":[{"count":0,"href":"https:\/\/citizensclimatelobby.org\/es\/wp-json\/wp\/v2\/pages\/40390\/revisions"}],"wp:featuredmedia":[{"embeddable":true,"href":"https:\/\/citizensclimatelobby.org\/es\/wp-json\/wp\/v2\/media\/38670"}],"wp:attachment":[{"href":"https:\/\/citizensclimatelobby.org\/es\/wp-json\/wp\/v2\/media?parent=40390"}],"curies":[{"name":"wp","href":"https:\/\/api.w.org\/{rel}","templated":true}]}}