{"id":41115,"date":"2021-07-19T21:09:38","date_gmt":"2021-07-19T21:09:38","guid":{"rendered":"https:\/\/stageccl.wpengine.com\/senate-call\/"},"modified":"2021-11-02T16:57:36","modified_gmt":"2021-11-02T16:57:36","slug":"llamada-senado","status":"publish","type":"page","link":"https:\/\/citizensclimatelobby.org\/es\/llamada-senado\/","title":{"rendered":"P\u00eddale un precio al carbono a su Senador"},"content":{"rendered":"[spb_row wrap_type=&#8221;content-width&#8221; row_bg_type=&#8221;image&#8221; color_row_height=&#8221;content-height&#8221; bg_type=&#8221;cover&#8221; parallax_image_height=&#8221;content-height&#8221; parallax_image_movement=&#8221;fixed&#8221; parallax_image_speed=&#8221;0.5&#8243; parallax_video_height=&#8221;window-height&#8221; parallax_video_overlay=&#8221;none&#8221; row_overlay_opacity=&#8221;0&#8243; row_padding_vertical=&#8221;0&#8243; row_padding_horizontal=&#8221;0&#8243; row_margin_vertical=&#8221;0&#8243; remove_element_spacing=&#8221;no&#8221; inner_column_height=&#8221;col-natural&#8221; width=&#8221;1\/1&#8243; el_position=&#8221;first last&#8221;] [spb_text_block pb_margin_bottom=&#8221;no&#8221; pb_border_bottom=&#8221;no&#8221; el_class=&#8221;section-header&#8221; width=&#8221;1\/1&#8243; el_position=&#8221;first last&#8221;]\n<h1 style=\"text-align: center; padding: 40px 0px 0px 0px;\">Los Senadores votar\u00e1n <span class=\"blue-bkg\">ESTA SEMANA<\/span> sobre el cambio clim\u00e1tico.<\/h1>\n<h1 style=\"text-align: center; padding: 0px;\">Hagamos que cumplan con su compromiso.<\/h1>\n[\/spb_text_block] [\/spb_row] [spb_row wrap_type=&#8221;content-width&#8221; row_bg_type=&#8221;image&#8221; color_row_height=&#8221;content-height&#8221; bg_type=&#8221;cover&#8221; parallax_image_height=&#8221;content-height&#8221; parallax_image_movement=&#8221;fixed&#8221; parallax_image_speed=&#8221;0.5&#8243; parallax_video_height=&#8221;window-height&#8221; parallax_video_overlay=&#8221;none&#8221; row_overlay_opacity=&#8221;0&#8243; row_padding_vertical=&#8221;0&#8243; row_padding_horizontal=&#8221;0&#8243; row_margin_vertical=&#8221;0&#8243; remove_element_spacing=&#8221;no&#8221; inner_column_height=&#8221;col-natural&#8221; row_el_class=&#8221;widget-row&#8221; width=&#8221;1\/1&#8243; el_position=&#8221;first last&#8221;] [blank_spacer height=&#8221;30px&#8221; width=&#8221;1\/1&#8243; el_position=&#8221;first last&#8221;] [spb_column width=&#8221;1\/2&#8243; el_position=&#8221;first&#8221;] [spb_text_block pb_margin_bottom=&#8221;no&#8221; pb_border_bottom=&#8221;no&#8221; el_class=&#8221;conference-header-2&#8243; width=&#8221;1\/1&#8243; el_position=&#8221;first last&#8221;]\n<p>Llevamos d\u00e9cadas esperando este momento en el Senado estadounidense. Ahora mismo sus senadores est\u00e1n decidiendo qu\u00e9 hacer con el cambio clim\u00e1tico. En pocas palabras: pueden ir a lo grande, o quedarse peque\u00f1o. Necesitamos que usted env\u00ede un correo para decirles que vayan a lo grande con un precio al carbono y dividendos de carbono. Luego, ll\u00e1melos tambi\u00e9n.<\/p>\n[\/spb_text_block] [blank_spacer height=&#8221;30px&#8221; width=&#8221;1\/1&#8243; el_position=&#8221;first last&#8221;] [spb_text_block pb_margin_bottom=&#8221;no&#8221; pb_border_bottom=&#8221;no&#8221; el_class=&#8221;conference-header-2&#8243; width=&#8221;1\/1&#8243; el_position=&#8221;first last&#8221;]\n<h2 style=\"text-align: left;\">\u00bfQu\u00e9 deber\u00eda decir cuando llamo?<\/h2>\n[\/spb_text_block] [spb_text_block pb_margin_bottom=&#8221;no&#8221; pb_border_bottom=&#8221;no&#8221; el_class=&#8221;conference-header-3 subheader-paragraph&#8221; width=&#8221;1\/1&#8243; el_position=&#8221;first last&#8221;]\n<div class=\"_2F-n_tCo\"><span class=\"_1KLLZbXF _2LS7s-8u\">Pida a sus Senadores dem\u00f3cratas que cumplan con su compromiso de reducir la contaminaci\u00f3n de carbono por un 50% para el 2050. Y que <strong>los que contaminan deben pagar un precio al carbono<\/strong> en la conciliaci\u00f3n presupuestaria. Ellos sabr\u00e1n lo que quiere decir. (Puede consultar nuestras <a href=\"#pregfrec\">preguntas frecuentes<\/a> para obtener m\u00e1s detalles sobre esta solicitud).<\/span><\/div>\n<div><\/div>\n<div><\/div>\n<p><span style=\"font-weight: 400;\"><span class=\"_1KLLZbXF _2LS7s-8u\">Solamente estamos llamando a los Senadores dem\u00f3cratas porque los republicanos no est\u00e1n involucrados en el debate sobre la conciliaci\u00f3n presupuestaria.\u00a0 <strong>Si usted solamente tiene Senadores republicanos, favor de pasar al pr\u00f3ximo paso aqu\u00ed: <a href=\"https:\/\/citizensclimatelobby.org\/es\/llamar-camara\/\">Llamar a su Representante<\/a>.<\/strong><\/span><\/span><\/p>\n[\/spb_text_block] [\/spb_column] [spb_raw_html width=&#8221;1\/2&#8243; el_position=&#8221;last&#8221;]JTNDJTIxLS0lMjBQbHVnaW4lMjBCRUdJTiUyMC0tJTNFJTBBJTNDc2NyaXB0JTIwbGFuZ3VhZ2UlM0QlMjJqYXZhc2NyaXB0JTIyJTIwc3JjJTNEJTIyJTJGJTJGd3d3LmNvbmdyZXNzd2ViLmNvbSUyRmN3ZWIlMkZqcyUyRmpxdWVyeS5jb25ncmVzc3dlYi5pZnJhbWUuanMlMjIlM0UlM0MlMkZzY3JpcHQlM0UlMEElM0NzY3JpcHQlMjBsYW5ndWFnZSUzRCUyMmphdmFzY3JpcHQlMjIlM0UlMjRjd2ViJTI4ZnVuY3Rpb24lMjglMjklN0IlMjAlMjRjd2ViJTI4JTI3JTIzY29uZ3Jlc3N3ZWItd2Vic3RpY2tlci00NiUyNyUyOS5jb25ncmVzc3dlYiUyOCU3QiUyMHVybCUyMCUzQSUyMCUyNyUyRiUyRnd3dy5jb25ncmVzc3dlYi5jb20lMkZDQ0wlMkZUYWtlQWN0aW9uJTJGb25lQWN0aW9uJTJGbGV0dGVyZ3JvdXBpZCUyRjQ2JTI3JTJDJTIwcmVzcG9uc2l2ZSUwOSUzQSUyMHRydWUlMkMlMjBpc1dlYnN0aWNrZXIlMjAlM0ElMjB0cnVlJTIwJTdEJTI5JTNCJTIwJTdEJTI5JTNCJTNDJTJGc2NyaXB0JTNFJTBBJTNDZGl2JTIwaWQlM0QlMjJjb25ncmVzc3dlYi13ZWJzdGlja2VyLTQ2JTIyJTIwc3R5bGUlM0QlMjJib3gtc2hhZG93JTNBJTIwMCUyMDAlMjAycHglMjAycHglMjAlMjNkZGQlM0IlMjBtYXgtd2lkdGglM0ElMjA1MDBweCUyMiUzRSUzQyUyRmRpdiUzRSUwQSUzQyUyMS0tJTIwUGx1Z2luJTIwRU5EJTIwLS0lM0U=[\/spb_raw_html] [\/spb_row] [spb_row wrap_type=&#8221;content-width&#8221; row_bg_type=&#8221;image&#8221; color_row_height=&#8221;content-height&#8221; bg_type=&#8221;cover&#8221; parallax_image_height=&#8221;content-height&#8221; parallax_image_movement=&#8221;fixed&#8221; parallax_image_speed=&#8221;0.5&#8243; parallax_video_height=&#8221;window-height&#8221; parallax_video_overlay=&#8221;none&#8221; row_overlay_opacity=&#8221;0&#8243; row_padding_vertical=&#8221;0&#8243; row_padding_horizontal=&#8221;0&#8243; row_margin_vertical=&#8221;0&#8243; remove_element_spacing=&#8221;no&#8221; inner_column_height=&#8221;col-natural&#8221; width=&#8221;1\/1&#8243; el_position=&#8221;first last&#8221;] [blank_spacer height=&#8221;60px&#8221; width=&#8221;1\/1&#8243; el_position=&#8221;first last&#8221;] [spb_text_block pb_margin_bottom=&#8221;no&#8221; pb_border_bottom=&#8221;no&#8221; el_class=&#8221;conference-header-2&#8243; width=&#8221;1\/1&#8243; el_position=&#8221;first last&#8221;]\n<h2 style=\"text-align: center;\">M\u00e1s formas de ayudar<\/h2>\n[\/spb_text_block] [spb_text_block pb_margin_bottom=&#8221;no&#8221; pb_border_bottom=&#8221;no&#8221; width=&#8221;1\/2&#8243; el_position=&#8221;first&#8221;]\n<h2>Una vez que haya escrito y llamado, reclute a otros a actuar<\/h2>\n<div><span class=\"_1KLLZbXF _2LS7s-8u\">Usted s\u00f3lo necesita escribir y llamar una vez usted mismo. Luego, comparta esta p\u00e1gina con amigos, familiares y colegas preocupados por el clima. <strong>ESTA ES NUESTRA PRIMERA OPORTUNIDAD PARA UNA ACCI\u00d3N CLIM\u00c1TICA SIGNIFICATIVA QUE NO PUEDE SER BLOQUEADA POR EL FILIBUSTERO.<\/strong> Tambi\u00e9n querr\u00e1n aprovechar la oportunidad de resolver el cambio clim\u00e1tico.<\/span><\/div>\n[\/spb_text_block] [spb_text_block pb_margin_bottom=&#8221;no&#8221; pb_border_bottom=&#8221;no&#8221; width=&#8221;1\/2&#8243; el_position=&#8221;last&#8221;]\n<h2>Contacte a su Representante y el Presidente<\/h2>\n<p>\u00a1Hay m\u00e1s que puede hacer! Visite nuestra <a href=\"https:\/\/citizensclimatelobby.org\/es\/haga-ruido-tome-accion\/\">p\u00e1gina de acci\u00f3n aqu\u00ed<\/a>.<\/p>\n[\/spb_text_block] [spb_text_block pb_margin_bottom=&#8221;no&#8221; pb_border_bottom=&#8221;no&#8221; width=&#8221;1\/2&#8243; el_position=&#8221;first last&#8221;]\n\n[\/spb_text_block] [blank_spacer height=&#8221;35px&#8221; width=&#8221;1\/1&#8243; el_position=&#8221;first last&#8221;] [blank_spacer height=&#8221;35px&#8221; width=&#8221;1\/1&#8243; el_position=&#8221;first last&#8221;] [\/spb_row] [blank_spacer height=&#8221;35px&#8221; width=&#8221;1\/1&#8243; el_position=&#8221;first last&#8221;] [spb_row wrap_type=&#8221;content-width&#8221; row_bg_type=&#8221;image&#8221; color_row_height=&#8221;content-height&#8221; bg_type=&#8221;cover&#8221; parallax_image_height=&#8221;content-height&#8221; parallax_image_movement=&#8221;fixed&#8221; parallax_image_speed=&#8221;0.5&#8243; parallax_video_height=&#8221;window-height&#8221; parallax_video_overlay=&#8221;none&#8221; row_overlay_opacity=&#8221;0&#8243; row_padding_vertical=&#8221;0&#8243; row_padding_horizontal=&#8221;0&#8243; row_margin_vertical=&#8221;0&#8243; remove_element_spacing=&#8221;no&#8221; inner_column_height=&#8221;col-natural&#8221; row_el_class=&#8221;program-component&#8221; width=&#8221;1\/1&#8243; el_position=&#8221;first last&#8221;] [blank_spacer height=&#8221;35px&#8221; spacer_id=&#8221;faq&#8221; width=&#8221;1\/1&#8243; el_position=&#8221;first last&#8221;] [spb_text_block pb_margin_bottom=&#8221;no&#8221; pb_border_bottom=&#8221;no&#8221; el_class=&#8221;conference-header-2&#8243; width=&#8221;1\/1&#8243; el_position=&#8221;first last&#8221;]\n<h2 id=\"pregfrec\" style=\"text-align: center;\">Preguntas frecuentes<\/h2>\n[\/spb_text_block] [spb_text_block pb_margin_bottom=&#8221;no&#8221; pb_border_bottom=&#8221;no&#8221; el_class=&#8221;conference-header-3 subheader-paragraph&#8221; width=&#8221;1\/1&#8243; el_position=&#8221;first last&#8221;]\n<h3>\u00bfPor qu\u00e9 este momento es tan importante?<\/h3>\n<p><span style=\"font-weight: 400;\">Senadores dem\u00f3cratas est\u00e1n se\u00f1alando que est\u00e1n enfocados en el cambio clim\u00e1tico ahora mismo. Queremos alcanzarles en el momento que sabemos que van a escuchar.<br \/>\n<\/span><\/p>\n<p>&nbsp;<\/p>\n<h3>\u00bfPor qu\u00e9 necesitamos un precio al carbono?<\/h3>\n<div class=\"_2F-n_tCo\"><span class=\"_1KLLZbXF _2LS7s-8u\">Un precio al carbono en toda la econom\u00eda reducir\u00e1 la contaminaci\u00f3n de carbono muy r\u00e1pidamente. Necesitamos ponerle un precio al carbono si queremos alcanzar el objetivo de la Administraci\u00f3n Biden de reducir las emisiones en un 50% en la pr\u00f3xima d\u00e9cada. Tiene que formar parte de cualquier soluci\u00f3n clim\u00e1tica seria. Hay m\u00e1s informaci\u00f3n <a href=\"https:\/\/citizensclimatelobby.org\/es\/precio-al-carbono\/\">aqu\u00ed<\/a> sobre <a href=\"https:\/\/citizensclimatelobby.org\/es\/precio-al-carbono\/\">por qu\u00e9 poner un precio al carbono<\/a>.<\/span><\/div>\n<h3><\/h3>\n<h3>\u00bfCu\u00e1ntos correos y llamados se necesitan para tener un impacto?<\/h3>\n<p><span class=\"_1KLLZbXF _2LS7s-8u\">Depende. En los estados m\u00e1s peque\u00f1os, tan solo 300 personas contactando a cada senador durante unas pocas semanas pueden hacer una gran diferencia. En los estados grandes, se necesitan m\u00e1s. Lo m\u00e1s importante es que los senadores de todo el pa\u00eds est\u00e1n escuchando lo mismo.<\/span><\/p>\n<h3><\/h3>\n<h3>\u00bfDe veras necesito enviar un correo Y llamar?<\/h3>\n<p><span class=\"_1KLLZbXF _2LS7s-8u\">Si puede, s\u00ed. Las llamadas agregan impacto adicional porque los empleados prestan atenci\u00f3n cuando suenan los tel\u00e9fonos. Puede parecer intimidante llamar a la oficina de su Senador. Pero, el personal del Senado suele ser muy agradable y muy profesional. Estar\u00e1s en la l\u00ednea por un corto tiempo. Si realmente no puede hacer una llamada telef\u00f3nica, puede enviar un correo electr\u00f3nico.<\/span><\/p>\n<p>&nbsp;<\/p>\n<h3>\u00bfY qu\u00e9 es la conciliaci\u00f3n presupuestaria?<\/h3>\n<div class=\"_2F-n_tCo\"><span class=\"_1KLLZbXF _2LS7s-8u\">La conciliaci\u00f3n presupuestaria es un proceso en el que se pueden hacer ajustes en los gastos y los ingresos con 51 votos del Senado en lugar de los 60 votos completos. Las reglas de lo que se puede incluir en una conciliaci\u00f3n presupuestaria son estrictas y est\u00e1n gobernadas por un parlamentario no partidista del Senado.<\/span><\/div>\n<p>&nbsp;<\/p>\n<h3>\u00bfQu\u00e9 tiene que ver un precio al carbono con la conciliaci\u00f3n presupuestaria?<\/h3>\n<p><span style=\"font-weight: 400;\"><span class=\"_1KLLZbXF _2LS7s-8u\">Los Senadores dem\u00f3cratas ya han indicado que planean abordar el cambio clim\u00e1tico en la conciliaci\u00f3n presupuestaria de este a\u00f1o. Debido a que un precio al carbono cumple con los estrictos requisitos de una conciliaci\u00f3n presupuestaria, el Senado puede y deber\u00eda incluirlo.<\/span><\/span><\/p>\n[\/spb_text_block] [blank_spacer height=&#8221;35px&#8221; width=&#8221;1\/1&#8243; el_position=&#8221;first last&#8221;] [\/spb_row]\n","protected":false},"excerpt":{"rendered":"<p>[spb_row wrap_type=&#8221;content-width&#8221; row_bg_type=&#8221;image&#8221; color_row_height=&#8221;content-height&#8221; bg_type=&#8221;cover&#8221; parallax_image_height=&#8221;content-height&#8221; parallax_image_movement=&#8221;fixed&#8221; parallax_image_speed=&#8221;0.5&#8243; parallax_video_height=&#8221;window-height&#8221; parallax_video_overlay=&#8221;none&#8221; row_overlay_opacity=&#8221;0&#8243; row_padding_vertical=&#8221;0&#8243; row_padding_horizontal=&#8221;0&#8243; row_margin_vertical=&#8221;0&#8243; remove_element_spacing=&#8221;no&#8221; inner_column_height=&#8221;col-natural&#8221; width=&#8221;1\/1&#8243; el_position=&#8221;first last&#8221;] [spb_text_block pb_margin_bottom=&#8221;no&#8221; pb_border_bottom=&#8221;no&#8221; el_class=&#8221;section-header&#8221; width=&#8221;1\/1&#8243; el_position=&#8221;first last&#8221;] Los Senadores votar\u00e1n ESTA SEMANA sobre el cambio clim\u00e1tico. Hagamos que cumplan con su compromiso. [\/spb_text_block] [\/spb_row] [spb_row wrap_type=&#8221;content-width&#8221; row_bg_type=&#8221;image&#8221; color_row_height=&#8221;content-height&#8221; bg_type=&#8221;cover&#8221; parallax_image_height=&#8221;content-height&#8221; parallax_image_movement=&#8221;fixed&#8221; parallax_image_speed=&#8221;0.5&#8243; parallax_video_height=&#8221;window-height&#8221; parallax_video_overlay=&#8221;none&#8221; row_overlay_opacity=&#8221;0&#8243; row_padding_vertical=&#8221;0&#8243; row_padding_horizontal=&#8221;0&#8243; row_margin_vertical=&#8221;0&#8243; remove_element_spacing=&#8221;no&#8221; inner_column_height=&#8221;col-natural&#8221; row_el_class=&#8221;widget-row&#8221; [&hellip;]<\/p>\n","protected":false},"author":105,"featured_media":0,"parent":0,"menu_order":8,"comment_status":"closed","ping_status":"closed","template":"","meta":{"footnotes":""},"acf":[],"yoast_head":"<!-- This site is optimized with the Yoast SEO Premium plugin v21.3 (Yoast SEO v21.3) - https:\/\/yoast.com\/wordpress\/plugins\/seo\/ -->\n<title>P\u00eddale un precio al carbono a su Senador | Citizens&#039; Climate Lobby<\/title>\n<meta name=\"robots\" content=\"noindex, nofollow\" \/>\n<meta property=\"og:locale\" content=\"es_ES\" \/>\n<meta property=\"og:type\" content=\"article\" \/>\n<meta property=\"og:title\" content=\"\u00a1Vamos! Es un momento cr\u00edtico para el cambio clim\u00e1tico\" \/>\n<meta property=\"og:description\" content=\"D\u00e9cadas de debate en el senado estadounidense han llevado a estas 3 semanas, hasta el 15 de agosto. Escriba y llame a sus Senadores para instarles ir a lo grande por el clima e incluir un precio al carbono en la conciliaci\u00f3n presupuestaria.\" \/>\n<meta property=\"og:url\" content=\"https:\/\/citizensclimatelobby.org\/es\/llamada-senado\/\" \/>\n<meta property=\"og:site_name\" content=\"Citizens&#039; Climate Lobby\" \/>\n<meta property=\"article:publisher\" content=\"https:\/\/www.facebook.com\/CitizensClimateLobby\/\" \/>\n<meta property=\"article:modified_time\" content=\"2021-11-02T16:57:36+00:00\" \/>\n<meta property=\"og:image\" content=\"https:\/\/citizensclimatelobby.org\/wp-content\/uploads\/2021\/08\/Senate-FB-image-ES.png\" \/>\n\t<meta property=\"og:image:width\" content=\"1099\" \/>\n\t<meta property=\"og:image:height\" content=\"627\" \/>\n\t<meta property=\"og:image:type\" content=\"image\/png\" \/>\n<meta name=\"twitter:card\" content=\"summary_large_image\" \/>\n<meta name=\"twitter:title\" content=\"\u00a1Vamos! Es un momento cr\u00edtico para el cambio clim\u00e1tico\" \/>\n<meta name=\"twitter:description\" content=\"D\u00e9cadas de debate en el senado estadounidense han llevado a estas 3 semanas, hasta el 15 de agosto. Escriba y llame a sus Senadores para instarles ir a lo grande por el clima e incluir un precio al carbono en la conciliaci\u00f3n presupuestaria.\" \/>\n<meta name=\"twitter:site\" content=\"@citizensclimate\" \/>\n<meta name=\"twitter:label1\" content=\"Tiempo de lectura\" \/>\n\t<meta name=\"twitter:data1\" content=\"4 minutes\" \/>\n<script type=\"application\/ld+json\" class=\"yoast-schema-graph\">{\"@context\":\"https:\/\/schema.org\",\"@graph\":[{\"@type\":\"WebPage\",\"@id\":\"https:\/\/citizensclimatelobby.org\/es\/llamada-senado\/\",\"url\":\"https:\/\/citizensclimatelobby.org\/es\/llamada-senado\/\",\"name\":\"P\u00eddale un precio al carbono a su Senador | Citizens&#039; Climate Lobby\",\"isPartOf\":{\"@id\":\"https:\/\/citizensclimatelobby.org\/#website\"},\"datePublished\":\"2021-07-19T21:09:38+00:00\",\"dateModified\":\"2021-11-02T16:57:36+00:00\",\"breadcrumb\":{\"@id\":\"https:\/\/citizensclimatelobby.org\/es\/llamada-senado\/#breadcrumb\"},\"inLanguage\":\"es-ES\",\"potentialAction\":[{\"@type\":\"ReadAction\",\"target\":[\"https:\/\/citizensclimatelobby.org\/es\/llamada-senado\/\"]}]},{\"@type\":\"BreadcrumbList\",\"@id\":\"https:\/\/citizensclimatelobby.org\/es\/llamada-senado\/#breadcrumb\",\"itemListElement\":[{\"@type\":\"ListItem\",\"position\":1,\"name\":\"Home\",\"item\":\"https:\/\/citizensclimatelobby.org\/es\/\"},{\"@type\":\"ListItem\",\"position\":2,\"name\":\"P\u00eddale un precio al carbono a su Senador\"}]},{\"@type\":\"WebSite\",\"@id\":\"https:\/\/citizensclimatelobby.org\/#website\",\"url\":\"https:\/\/citizensclimatelobby.org\/\",\"name\":\"Citizens&#039; Climate Lobby\",\"description\":\"Political will for a livable world\",\"publisher\":{\"@id\":\"https:\/\/citizensclimatelobby.org\/#organization\"},\"potentialAction\":[{\"@type\":\"SearchAction\",\"target\":{\"@type\":\"EntryPoint\",\"urlTemplate\":\"https:\/\/citizensclimatelobby.org\/?s={search_term_string}\"},\"query-input\":\"required name=search_term_string\"}],\"inLanguage\":\"es-ES\"},{\"@type\":\"Organization\",\"@id\":\"https:\/\/citizensclimatelobby.org\/#organization\",\"name\":\"Citizens' Climate Lobby\",\"url\":\"https:\/\/citizensclimatelobby.org\/\",\"logo\":{\"@type\":\"ImageObject\",\"inLanguage\":\"es-ES\",\"@id\":\"https:\/\/citizensclimatelobby.org\/#\/schema\/logo\/image\/\",\"url\":\"https:\/\/citizensclimatelobby.org\/wp-content\/uploads\/2017\/04\/CCL-Logo.png\",\"contentUrl\":\"https:\/\/citizensclimatelobby.org\/wp-content\/uploads\/2017\/04\/CCL-Logo.png\",\"width\":314,\"height\":201,\"caption\":\"Citizens' Climate Lobby\"},\"image\":{\"@id\":\"https:\/\/citizensclimatelobby.org\/#\/schema\/logo\/image\/\"},\"sameAs\":[\"https:\/\/www.facebook.com\/CitizensClimateLobby\/\",\"https:\/\/twitter.com\/citizensclimate\",\"https:\/\/www.instagram.com\/citizensclimate\/\",\"https:\/\/www.linkedin.com\/company\/citizens-climate-lobby\/\",\"https:\/\/www.youtube.com\/c\/CitizensClimateLobby\",\"https:\/\/en.wikipedia.org\/wiki\/Citizens_Climate_Lobby\"]}]}<\/script>\n<!-- \/ Yoast SEO Premium plugin. -->","yoast_head_json":{"title":"P\u00eddale un precio al carbono a su Senador | Citizens&#039; Climate Lobby","robots":{"index":"noindex","follow":"nofollow"},"og_locale":"es_ES","og_type":"article","og_title":"\u00a1Vamos! Es un momento cr\u00edtico para el cambio clim\u00e1tico","og_description":"D\u00e9cadas de debate en el senado estadounidense han llevado a estas 3 semanas, hasta el 15 de agosto. Escriba y llame a sus Senadores para instarles ir a lo grande por el clima e incluir un precio al carbono en la conciliaci\u00f3n presupuestaria.","og_url":"https:\/\/citizensclimatelobby.org\/es\/llamada-senado\/","og_site_name":"Citizens&#039; Climate Lobby","article_publisher":"https:\/\/www.facebook.com\/CitizensClimateLobby\/","article_modified_time":"2021-11-02T16:57:36+00:00","og_image":[{"width":1099,"height":627,"url":"https:\/\/citizensclimatelobby.org\/wp-content\/uploads\/2021\/08\/Senate-FB-image-ES.png","type":"image\/png"}],"twitter_card":"summary_large_image","twitter_title":"\u00a1Vamos! Es un momento cr\u00edtico para el cambio clim\u00e1tico","twitter_description":"D\u00e9cadas de debate en el senado estadounidense han llevado a estas 3 semanas, hasta el 15 de agosto. Escriba y llame a sus Senadores para instarles ir a lo grande por el clima e incluir un precio al carbono en la conciliaci\u00f3n presupuestaria.","twitter_site":"@citizensclimate","twitter_misc":{"Tiempo de lectura":"4 minutes"},"schema":{"@context":"https:\/\/schema.org","@graph":[{"@type":"WebPage","@id":"https:\/\/citizensclimatelobby.org\/es\/llamada-senado\/","url":"https:\/\/citizensclimatelobby.org\/es\/llamada-senado\/","name":"P\u00eddale un precio al carbono a su Senador | Citizens&#039; Climate Lobby","isPartOf":{"@id":"https:\/\/citizensclimatelobby.org\/#website"},"datePublished":"2021-07-19T21:09:38+00:00","dateModified":"2021-11-02T16:57:36+00:00","breadcrumb":{"@id":"https:\/\/citizensclimatelobby.org\/es\/llamada-senado\/#breadcrumb"},"inLanguage":"es-ES","potentialAction":[{"@type":"ReadAction","target":["https:\/\/citizensclimatelobby.org\/es\/llamada-senado\/"]}]},{"@type":"BreadcrumbList","@id":"https:\/\/citizensclimatelobby.org\/es\/llamada-senado\/#breadcrumb","itemListElement":[{"@type":"ListItem","position":1,"name":"Home","item":"https:\/\/citizensclimatelobby.org\/es\/"},{"@type":"ListItem","position":2,"name":"P\u00eddale un precio al carbono a su Senador"}]},{"@type":"WebSite","@id":"https:\/\/citizensclimatelobby.org\/#website","url":"https:\/\/citizensclimatelobby.org\/","name":"Citizens&#039; Climate Lobby","description":"Political will for a livable world","publisher":{"@id":"https:\/\/citizensclimatelobby.org\/#organization"},"potentialAction":[{"@type":"SearchAction","target":{"@type":"EntryPoint","urlTemplate":"https:\/\/citizensclimatelobby.org\/?s={search_term_string}"},"query-input":"required name=search_term_string"}],"inLanguage":"es-ES"},{"@type":"Organization","@id":"https:\/\/citizensclimatelobby.org\/#organization","name":"Citizens' Climate Lobby","url":"https:\/\/citizensclimatelobby.org\/","logo":{"@type":"ImageObject","inLanguage":"es-ES","@id":"https:\/\/citizensclimatelobby.org\/#\/schema\/logo\/image\/","url":"https:\/\/citizensclimatelobby.org\/wp-content\/uploads\/2017\/04\/CCL-Logo.png","contentUrl":"https:\/\/citizensclimatelobby.org\/wp-content\/uploads\/2017\/04\/CCL-Logo.png","width":314,"height":201,"caption":"Citizens' Climate Lobby"},"image":{"@id":"https:\/\/citizensclimatelobby.org\/#\/schema\/logo\/image\/"},"sameAs":["https:\/\/www.facebook.com\/CitizensClimateLobby\/","https:\/\/twitter.com\/citizensclimate","https:\/\/www.instagram.com\/citizensclimate\/","https:\/\/www.linkedin.com\/company\/citizens-climate-lobby\/","https:\/\/www.youtube.com\/c\/CitizensClimateLobby","https:\/\/en.wikipedia.org\/wiki\/Citizens_Climate_Lobby"]}]}},"_links":{"self":[{"href":"https:\/\/citizensclimatelobby.org\/es\/wp-json\/wp\/v2\/pages\/41115"}],"collection":[{"href":"https:\/\/citizensclimatelobby.org\/es\/wp-json\/wp\/v2\/pages"}],"about":[{"href":"https:\/\/citizensclimatelobby.org\/es\/wp-json\/wp\/v2\/types\/page"}],"author":[{"embeddable":true,"href":"https:\/\/citizensclimatelobby.org\/es\/wp-json\/wp\/v2\/users\/105"}],"replies":[{"embeddable":true,"href":"https:\/\/citizensclimatelobby.org\/es\/wp-json\/wp\/v2\/comments?post=41115"}],"version-history":[{"count":0,"href":"https:\/\/citizensclimatelobby.org\/es\/wp-json\/wp\/v2\/pages\/41115\/revisions"}],"wp:attachment":[{"href":"https:\/\/citizensclimatelobby.org\/es\/wp-json\/wp\/v2\/media?parent=41115"}],"curies":[{"name":"wp","href":"https:\/\/api.w.org\/{rel}","templated":true}]}}