{"id":43247,"date":"2021-10-04T17:15:51","date_gmt":"2021-10-04T17:15:51","guid":{"rendered":"https:\/\/stageccl.wpengine.com\/get-loud-take-action\/"},"modified":"2022-03-04T22:37:37","modified_gmt":"2022-03-04T22:37:37","slug":"haga-ruido-tome-accion","status":"publish","type":"page","link":"https:\/\/citizensclimatelobby.org\/es\/haga-ruido-tome-accion\/","title":{"rendered":"Haga ruido &#8211; tome acci\u00f3n"},"content":{"rendered":"[spb_row wrap_type=&#8221;full-width&#8221; row_bg_type=&#8221;image&#8221; color_row_height=&#8221;content-height&#8221; bg_type=&#8221;cover&#8221; parallax_image_height=&#8221;content-height&#8221; parallax_image_movement=&#8221;fixed&#8221; parallax_image_speed=&#8221;0.5&#8243; parallax_video_height=&#8221;window-height&#8221; parallax_video_overlay=&#8221;none&#8221; row_overlay_opacity=&#8221;0&#8243; row_padding_vertical=&#8221;0&#8243; row_padding_horizontal=&#8221;0&#8243; row_margin_vertical=&#8221;0&#8243; remove_element_spacing=&#8221;no&#8221; inner_column_height=&#8221;col-natural&#8221; width=&#8221;1\/1&#8243; el_position=&#8221;first last&#8221;] [spb_text_block pb_margin_bottom=&#8221;no&#8221; pb_border_bottom=&#8221;no&#8221; el_class=&#8221;section-header&#8221; width=&#8221;1\/1&#8243; el_position=&#8221;first last&#8221;]\n<h1 style=\"text-align: center; padding: 40px 10px 0px;\">El clima es una prioridad absoluta.<br \/>\n<span class=\"blue-bkg\">Hagamos ruido.<\/span><\/h1>\n[\/spb_text_block] [\/spb_row] [spb_row wrap_type=&#8221;content-width&#8221; row_bg_type=&#8221;image&#8221; color_row_height=&#8221;content-height&#8221; bg_type=&#8221;cover&#8221; parallax_image_height=&#8221;content-height&#8221; parallax_image_movement=&#8221;fixed&#8221; parallax_image_speed=&#8221;0.5&#8243; parallax_video_height=&#8221;window-height&#8221; parallax_video_overlay=&#8221;none&#8221; row_overlay_opacity=&#8221;0&#8243; row_padding_vertical=&#8221;0&#8243; row_padding_horizontal=&#8221;0&#8243; row_margin_vertical=&#8221;0&#8243; remove_element_spacing=&#8221;no&#8221; inner_column_height=&#8221;col-natural&#8221; width=&#8221;1\/1&#8243; el_position=&#8221;first last&#8221;] [blank_spacer height=&#8221;35px&#8221; width=&#8221;1\/1&#8243; el_position=&#8221;first last&#8221;] [spb_column width=&#8221;1\/2&#8243; el_position=&#8221;first&#8221;] [spb_text_block pb_margin_bottom=&#8221;no&#8221; pb_border_bottom=&#8221;no&#8221; width=&#8221;1\/1&#8243; el_position=&#8221;first last&#8221;]\n<p>El presidente Biden y el Senado todav\u00eda est\u00e1n debatiendo la conciliaci\u00f3n presupuestaria. <strong>Necesitamos su ayuda para asegurarnos de que se mantengan las medidas clim\u00e1ticas<\/strong>. \u00bfUsted escribir\u00eda al Congreso y al Presidente Biden para hacerles saber que necesitamos una pol\u00edtica clim\u00e1tica fuerte, que reducir\u00eda las emisiones en un 50% para el 2030?<\/p>\n<p>&nbsp;<\/p>\n[\/spb_text_block] [\/spb_column] [spb_text_block pb_margin_bottom=&#8221;no&#8221; pb_border_bottom=&#8221;no&#8221; el_class=&#8221;conference-header-2 subheader-paragraph&#8221; width=&#8221;1\/2&#8243; el_position=&#8221;last&#8221;]\n<div class=\"actions_tracker\">\n<div class=\"actions_tally\" style=\"max-width: 800px; max-height: 100px;\"><span class=\"actions_amount\">Total de acciones Actions<\/span> \/ <span class=\"goal\">Meta<\/span><\/div>\n<p style=\"text-align: center;\">contactos hechos con el Congreso y el Presidente<\/p>\n<div id=\"thermometer\" style=\"max-width: 800px; max-height: 100px;\"><\/div>\n<p style=\"text-align: center;\"><em style=\"font-size: 80%;\">Se actualiza diario<\/em><\/p>\n<\/div>\n[\/spb_text_block] [\/spb_row] [blank_spacer height=&#8221;35px&#8221; width=&#8221;1\/1&#8243; el_position=&#8221;first last&#8221;] [spb_row wrap_type=&#8221;content-width&#8221; row_bg_type=&#8221;image&#8221; color_row_height=&#8221;content-height&#8221; bg_type=&#8221;cover&#8221; parallax_image_height=&#8221;content-height&#8221; parallax_image_movement=&#8221;fixed&#8221; parallax_image_speed=&#8221;0.5&#8243; parallax_video_height=&#8221;window-height&#8221; parallax_video_overlay=&#8221;none&#8221; row_overlay_opacity=&#8221;0&#8243; row_padding_vertical=&#8221;0&#8243; row_padding_horizontal=&#8221;0&#8243; row_margin_vertical=&#8221;0&#8243; remove_element_spacing=&#8221;no&#8221; inner_column_height=&#8221;col-natural&#8221; width=&#8221;1\/1&#8243; el_position=&#8221;first last&#8221;] [blank_spacer height=&#8221;30px&#8221; spacer_id=&#8221;navigation&#8221; width=&#8221;1\/1&#8243; el_position=&#8221;first last&#8221;] [spb_column col_el_class=&#8221;shadow&#8221; width=&#8221;1\/2&#8243; el_position=&#8221;first&#8221;] [spb_single_image image=&#8221;42638&#8243; image_size=&#8221;full&#8221; frame=&#8221;noframe&#8221; intro_animation=&#8221;none&#8221; full_width=&#8221;no&#8221; lightbox=&#8221;no&#8221; image_link=&#8221;https:\/\/citizensclimatelobby.org\/white-house\/&#8221; link_target=&#8221;_self&#8221; width=&#8221;1\/1&#8243; el_position=&#8221;first last&#8221;] [spb_text_block pb_margin_bottom=&#8221;no&#8221; pb_border_bottom=&#8221;no&#8221; el_class=&#8221;conference-header-3 container-padding&#8221; width=&#8221;1\/1&#8243; el_position=&#8221;first last&#8221;]\n<h3>Escriba al Presidente Biden<\/h3>\n[\/spb_text_block] [spb_text_block pb_margin_bottom=&#8221;no&#8221; pb_border_bottom=&#8221;no&#8221; el_class=&#8221;subheader-paragraph container-padding column_paragraph_height&#8221; width=&#8221;1\/1&#8243; el_position=&#8221;first last&#8221;]\n<p>El presidente Biden estableci\u00f3 el objetivo de reducir las emisiones en un 50% para el 2030. D\u00edgale que a\u00fan puede alcanzarlo con una Renta Clim\u00e1tica.<\/p>\n[\/spb_text_block] [spb_raw_html width=&#8221;1\/1&#8243; el_position=&#8221;first last&#8221;]JTNDc3BhbiUyMGNsYXNzJTNEJTIyY29udGFpbmVyLWJ1dHRvbi1tYXJnaW4lMjIlM0UlM0NidXR0b24lMjBjbGFzcyUzRCUyMndoaXRlLWJhY2tncm91bmQtZ3JlZW4tdGV4dCUyMiUyMG9uY2xpY2slM0QlMjJ3aW5kb3cubG9jYXRpb24uaHJlZiUzRCUyNyUyRmVzJTJGY2FzYS1ibGFuY2ElMkYlMjclM0IlMjIlM0VUb21lJTIwYWNjaSVDMyVCM24lM0MlMkZidXR0b24lM0UlM0MlMkZzcGFuJTNF[\/spb_raw_html] [blank_spacer height=&#8221;30px&#8221; width=&#8221;1\/1&#8243; el_position=&#8221;first last&#8221;] [\/spb_column] [spb_column col_el_class=&#8221;shadow&#8221; width=&#8221;1\/2&#8243; el_position=&#8221;last&#8221;] [spb_single_image image=&#8221;42640&#8243; image_size=&#8221;full&#8221; frame=&#8221;noframe&#8221; intro_animation=&#8221;none&#8221; full_width=&#8221;no&#8221; lightbox=&#8221;no&#8221; image_link=&#8221;https:\/\/citizensclimatelobby.org\/senate-call&#8221; link_target=&#8221;_self&#8221; width=&#8221;1\/1&#8243; el_position=&#8221;first last&#8221;] [spb_text_block pb_margin_bottom=&#8221;no&#8221; pb_border_bottom=&#8221;no&#8221; el_class=&#8221;conference-header-3 container-padding&#8221; width=&#8221;1\/1&#8243; el_position=&#8221;first last&#8221;]\n<h3>Escriba a sus Senadores<\/h3>\n[\/spb_text_block] [spb_text_block pb_margin_bottom=&#8221;no&#8221; pb_border_bottom=&#8221;no&#8221; el_class=&#8221;subheader-paragraph container-padding column_paragraph_height&#8221; width=&#8221;1\/1&#8243; el_position=&#8221;first last&#8221;]\n<p>Los Senadores est\u00e1n debatiendo una Renta Clim\u00e1tica activamente. <span class=\"_1KLLZbXF _2LS7s-8u\">An\u00edmelos a incluirla en la conciliaci\u00f3n presupuestaria.<\/span><\/p>\n[\/spb_text_block] [spb_raw_html width=&#8221;1\/1&#8243; el_position=&#8221;first last&#8221;]JTNDc3BhbiUyMGNsYXNzJTNEJTIyY29udGFpbmVyLWJ1dHRvbi1tYXJnaW4lMjIlM0UlM0NidXR0b24lMjBjbGFzcyUzRCUyMndoaXRlLWJhY2tncm91bmQtZ3JlZW4tdGV4dCUyMiUyMG9uY2xpY2slM0QlMjJ3aW5kb3cubG9jYXRpb24uaHJlZiUzRCUyNyUyRmVzJTJGc2VuYWRvJTJGJTI3JTNCJTIyJTNFVG9tZSUyMGFjY2klQzMlQjNuJTNDJTJGYnV0dG9uJTNFJTNDJTJGc3BhbiUzRQ==[\/spb_raw_html] [blank_spacer height=&#8221;30px&#8221; width=&#8221;1\/1&#8243; el_position=&#8221;first last&#8221;] [\/spb_column] [\/spb_row] [spb_row wrap_type=&#8221;content-width&#8221; row_bg_type=&#8221;image&#8221; color_row_height=&#8221;content-height&#8221; bg_type=&#8221;cover&#8221; parallax_image_height=&#8221;content-height&#8221; parallax_image_movement=&#8221;fixed&#8221; parallax_image_speed=&#8221;0.5&#8243; parallax_video_height=&#8221;window-height&#8221; parallax_video_overlay=&#8221;none&#8221; row_overlay_opacity=&#8221;0&#8243; row_padding_vertical=&#8221;0&#8243; row_padding_horizontal=&#8221;0&#8243; row_margin_vertical=&#8221;0&#8243; remove_element_spacing=&#8221;no&#8221; inner_column_height=&#8221;col-natural&#8221; row_el_class=&#8221;program-component&#8221; width=&#8221;1\/1&#8243; el_position=&#8221;first last&#8221;] [blank_spacer height=&#8221;35px&#8221; width=&#8221;1\/1&#8243; el_position=&#8221;first last&#8221;] [blank_spacer height=&#8221;35px&#8221; width=&#8221;1\/1&#8243; el_position=&#8221;first last&#8221;] [spb_text_block pb_margin_bottom=&#8221;no&#8221; pb_border_bottom=&#8221;no&#8221; el_class=&#8221;conference-header-2&#8243; width=&#8221;1\/1&#8243; el_position=&#8221;first last&#8221;]\n<h2 style=\"text-align: center;\">\u00bfC\u00f3mo funciona una Renta Clim\u00e1tica?<\/h2>\n[\/spb_text_block] [blank_spacer height=&#8221;35px&#8221; width=&#8221;1\/1&#8243; el_position=&#8221;first last&#8221;] [spb_column width=&#8221;1\/2&#8243; el_position=&#8221;first&#8221;] [spb_raw_html width=&#8221;1\/1&#8243; el_position=&#8221;first last&#8221;]JTNDZGl2JTIwY2xhc3MlM0QlMjIlMjIlM0UlMEElMjAlMjAlMjAlMjAlMjAlM0NkaXYlMjBjbGFzcyUzRCUyMnNwYl92aWRlb193aWRnZXQlMjBzcGJfY29udGVudF9lbGVtZW50JTIwY29sLXNtLTEyJTIwaG9tZVBhZ2VWaWRlbyUyMCUyMiUzRSUwQSUyMCUyMCUyMCUyMCUyMCUzQ2RpdiUyMGNsYXNzJTNEJTIyc3BiX3dyYXBwZXIlMjIlM0UlMEElMjAlMjAlMjAlMjAlMjAlMjAlMjAlMjAlM0NkaXYlMjBjbGFzcyUzRCUyMnNmLXZpZGVvLXdyYXAlMjIlM0UlMEElMjAlMjAlMjAlMjAlMjAlMjAlMjAlMjAlMjAlMjAlMjAlMjAlM0NkaXYlMjBjbGFzcyUzRCUyMnZpLWxhenlsb2FkJTIyJTIwc3R5bGUlM0QlMjJtYXgtaGVpZ2h0JTNBJTIwNTAwcHglM0IlMjIlMjBkYXRhLWlkJTNEJTIyNjAyMTQ1NDUyJTIyJTNFJTBBJTIwJTIwJTIwJTIwJTIwJTIwJTIwJTIwJTIwJTIwJTIwJTIwJTIwJTIwJTIwJTIwJTNDaW1nJTIwY2xhc3MlM0QlMjJ2aS1sYXp5bG9hZC1pbWclMjIlMjBzcmMlM0QlMjIlMkZ3cC1jb250ZW50JTJGdXBsb2FkcyUyRjIwMTglMkYwNiUyRnRodW1ibmFpbF9lc193aHlfcHJpY2VfY2FyYm9uLnBuZyUyMiUyMCUyRiUzRSUwQSUyMCUyMCUyMCUyMCUyMCUyMCUyMCUyMCUyMCUyMCUyMCUyMCUzQyUyRmRpdiUzRSUwQSUyMCUyMCUyMCUyMCUyMCUyMCUyMCUyMCUzQyUyRmRpdiUzRSUwQSUyMCUyMCUyMCUyMCUzQyUyRmRpdiUzRSUwQSUzQyUyRmRpdiUzRQ==[\/spb_raw_html] [\/spb_column] [spb_column width=&#8221;1\/2&#8243; el_position=&#8221;last&#8221;] [spb_text_block pb_margin_bottom=&#8221;no&#8221; pb_border_bottom=&#8221;no&#8221; el_class=&#8221;conference-header-3 subheader-paragraph&#8221; width=&#8221;1\/1&#8243; el_position=&#8221;first last&#8221;]\n<p>\u00bfNecesita m\u00e1s informaci\u00f3n sobre la Renta Clim\u00e1tica? El v\u00eddeo puede ayudar.<\/p>\n<p>&nbsp;<\/p>\n<p>&nbsp;<\/p>\n<p>B\u00e1sicamente, las empresas de combustibles f\u00f3siles ser\u00edan gravadas en funci\u00f3n de la cantidad de carbono que producen. Para evitar el pago de la tarifa, estas empresas se esforzar\u00e1n para cambiar a energ\u00edas renovables y limpias, reduciendo la contaminaci\u00f3n por carbono. El Senado est\u00e1 considerando seriamente la inclusi\u00f3n de disposiciones para que el dinero recaudado vuelva a los bolsillos de la gente como un dividendo mensual (una Renta Clim\u00e1tica) que puede gastarse sin restricciones.<\/p>\n<p>&nbsp;<\/p>\n<p><a href=\"https:\/\/citizensclimatelobby.org\/es\/precio-al-carbono\/\">Conozca los detalles de los beneficios de una Renta Clim\u00e1tica aqu\u00ed.<\/a><\/p>\n<p>&nbsp;<\/p>\n[\/spb_text_block] [\/spb_column] [\/spb_row] [spb_row wrap_type=&#8221;content-width&#8221; row_bg_type=&#8221;image&#8221; color_row_height=&#8221;content-height&#8221; bg_type=&#8221;cover&#8221; parallax_image_height=&#8221;content-height&#8221; parallax_image_movement=&#8221;fixed&#8221; parallax_image_speed=&#8221;0.5&#8243; parallax_video_height=&#8221;window-height&#8221; parallax_video_overlay=&#8221;none&#8221; row_overlay_opacity=&#8221;0&#8243; row_padding_vertical=&#8221;0&#8243; row_padding_horizontal=&#8221;0&#8243; row_margin_vertical=&#8221;0&#8243; remove_element_spacing=&#8221;no&#8221; inner_column_height=&#8221;col-natural&#8221; width=&#8221;1\/1&#8243; el_position=&#8221;first last&#8221;] [blank_spacer height=&#8221;35px&#8221; width=&#8221;1\/1&#8243; el_position=&#8221;first last&#8221;] [blank_spacer height=&#8221;35px&#8221; width=&#8221;1\/1&#8243; el_position=&#8221;first last&#8221;] [spb_text_block pb_margin_bottom=&#8221;no&#8221; pb_border_bottom=&#8221;no&#8221; el_class=&#8221;conference-header-2&#8243; width=&#8221;1\/1&#8243; el_position=&#8221;first last&#8221;]\n<h2 id=\"faq\" style=\"text-align: center;\">Preguntas frecuentes<\/h2>\n[\/spb_text_block] [spb_text_block pb_margin_bottom=&#8221;no&#8221; pb_border_bottom=&#8221;no&#8221; el_class=&#8221;conference-header-3 subheader-paragraph&#8221; width=&#8221;1\/1&#8243; el_position=&#8221;first last&#8221;]\n<h3>\u00bfPor qu\u00e9 este momento es tan importante?<\/h3>\n<p><span style=\"font-weight: 400;\">Los Senadores dem\u00f3cratas est\u00e1n listos para terminar su trabajo en la conciliaci\u00f3n presupuestaria para que pueda entrar en vigor. Como el 2022 es un a\u00f1o de elecciones, es aun m\u00e1s importante que terminen temprano.<br \/>\n<\/span><\/p>\n<p>&nbsp;<\/p>\n<p>&nbsp;<\/p>\n<h3>\u00bfPor qu\u00e9 necesitamos estipulaciones clim\u00e1ticas en la conciliaci\u00f3n presupuestaria?<\/h3>\n<div class=\"_2F-n_tCo\"><span class=\"_1KLLZbXF _2LS7s-8u\">Estadounidenses est\u00e1n cada vez m\u00e1s preocupados por el cambio clim\u00e1tico. <a href=\"https:\/\/climatecommunication.yale.edu\/publications\/climate-change-in-the-american-mind-september-2021\/\">Investigaciones recientes<\/a>\u00a0<\/span><span class=\"_1KLLZbXF _2LS7s-8u\">muestran que case dos tercios de estadounidenses creen que eventos meteorol\u00f3gicos extremos arriesgarr\u00e1n a sus comunidades durante los pr\u00f3ximos 10 a\u00f1os. Adicionalmente, se preocupan que los apagones de electricidad amenazan la capacidad de nuestras comunidades a resistir los eventos meteorol\u00f3gicos extremos.\u00a0<\/span><\/div>\n<div><\/div>\n<div>Los hidrocarburos siempre han sido sujetos a subidas repentinas de precio. Adem\u00e1s, eventos meteorol\u00f3gicos extremos interrumpen su producci\u00f3n, lo que los hace cada vez menos confiables como fuentes de energ\u00eda. El proyecto de ley Reconstruir Mejor incluye cr\u00e9ditos fiscales y otras medidas que acelerar\u00e1 la transici\u00f3n a energ\u00eda limpia y hacerla asequible para la gente.<\/div>\n<h3><\/h3>\n<p>&nbsp;<\/p>\n<h3>\u00bfIncluye la conciliaci\u00f3n presupuestaria un precio al carbono?<\/h3>\n<p>La versi\u00f3n de la conciliaci\u00f3n presupuestaria de la C\u00e1mara de Representantes no incluye un precio al carbono, pero en el Senado todav\u00eda est\u00e1n debati\u00e9ndolo. Apoyamos fuertemente la inclusi\u00f3n de un precio al carbono para cumplir con el objetivo de reducir las emisiones de Estados Unidos por un 50% antes del 2030.\u00a0 Aqu\u00ed puede ver m\u00e1s sobre <a href=\"http:\/\/itizensclimatelobby.org\/es\/precio-al-carbono\/\">por qu\u00e9 poner un precio al carbono<\/a>.<\/p>\n<h3><\/h3>\n<p>&nbsp;<\/p>\n<h3>\u00bfEs la conciliaci\u00f3n presupuestaria lo mismo que Reconstruir Mejor?<\/h3>\n<p><span class=\"_1KLLZbXF _2LS7s-8u\">La conciliaci\u00f3n presupuestaria es un proceso en el que se pueden hacer ajustes en los gastos y los ingresos con 51 votos del Senado en lugar de los 60 votos completos. Las reglas de lo que se puede incluir en una conciliaci\u00f3n presupuestaria son estrictas y est\u00e1n gobernadas por un parlamentario no partidista del Senado. Reconstruir Mejor es el nombre del proyecto de ley que la C\u00e1mara de Representantes aprob\u00f3 a trav\u00e9s de la conciliaci\u00f3n presupuestaria. Incluye estipulaciones clim\u00e1ticas y otras legislaciones. Este proyecto de ley ser\u00e1 renegociado y llamado por otro nombre en el Senado.<\/span><\/p>\n<p>&nbsp;<\/p>\n<p>&nbsp;<\/p>\n<h3>\u00bfC\u00f3mo participa el Presidente Biden en la conciliaci\u00f3n presupuestaria?<\/h3>\n<p><span style=\"font-weight: 400;\">La conciliaci\u00f3n presupuestaria se produce en el Congreso. El presidente Biden est\u00e1 trabajando estrechamente con el Congreso, en particular con el Senado, para determinar qu\u00e9 se incluir\u00e1. Dado que el Senado cuenta con 51 votos dem\u00f3cratas, incluido el vicepresidente Harris, todos los senadores dem\u00f3cratas deben apoyar la legislaci\u00f3n de reconciliaci\u00f3n presupuestaria para que sea aprobada.\u00a0<\/span><\/p>\n<p>&nbsp;<\/p>\n<p>&nbsp;<\/p>\n<h3 style=\"text-align: left;\">\u00bfQu\u00e9 m\u00e1s puedo hacer?<\/h3>\n<div><span style=\"font-weight: 400;\">\u00a1Puede hacer que otros act\u00faen! Comparta esta p\u00e1gina (<a href=\"http:\/\/cclusa.org\/haga-ruido\"><strong>cclusa.org\/haga-ruido<\/strong><\/a>) con sus amigos, familiares y compa\u00f1eros de trabajo preocupados por el clima. <strong>ESTA ES NUESTRA MEJOR OPORTUNIDAD PARA UNA ACCI\u00d3N CLIM\u00c1TICA SIGNIFICATIVA EN 2022.<\/strong> Ellos tambi\u00e9n querr\u00e1n aprovechar la oportunidad para resolver el cambio clim\u00e1tico.<\/span><\/div>\n[\/spb_text_block] [blank_spacer height=&#8221;35px&#8221; width=&#8221;1\/1&#8243; el_position=&#8221;first last&#8221;] [\/spb_row] [spb_row wrap_type=&#8221;content-width&#8221; row_bg_type=&#8221;image&#8221; color_row_height=&#8221;content-height&#8221; bg_type=&#8221;cover&#8221; parallax_image_height=&#8221;content-height&#8221; parallax_image_movement=&#8221;fixed&#8221; parallax_image_speed=&#8221;0.5&#8243; parallax_video_height=&#8221;window-height&#8221; parallax_video_overlay=&#8221;none&#8221; row_overlay_opacity=&#8221;0&#8243; row_padding_vertical=&#8221;0&#8243; row_padding_horizontal=&#8221;0&#8243; row_margin_vertical=&#8221;0&#8243; remove_element_spacing=&#8221;no&#8221; inner_column_height=&#8221;col-natural&#8221; row_el_class=&#8221;program-component&#8221; width=&#8221;1\/1&#8243; el_position=&#8221;first last&#8221;] [blank_spacer height=&#8221;30px&#8221; width=&#8221;1\/1&#8243; el_position=&#8221;first last&#8221;] [blank_spacer height=&#8221;30px&#8221; width=&#8221;1\/1&#8243; el_position=&#8221;first last&#8221;] [spb_text_block pb_margin_bottom=&#8221;no&#8221; pb_border_bottom=&#8221;no&#8221; el_class=&#8221;conference-header-2&#8243; width=&#8221;1\/1&#8243; el_position=&#8221;first last&#8221;]\n<h2 style=\"text-align: center;\">\u00bfQui\u00e9nes son Ciudadanos por un Clima Vivible?<\/h2>\n[\/spb_text_block] [blank_spacer height=&#8221;30px&#8221; width=&#8221;1\/1&#8243; el_position=&#8221;first last&#8221;] [spb_column width=&#8221;1\/2&#8243; el_position=&#8221;first&#8221;] [spb_single_image image=&#8221;37367&#8243; image_size=&#8221;medium&#8221; frame=&#8221;noframe&#8221; intro_animation=&#8221;none&#8221; full_width=&#8221;no&#8221; lightbox=&#8221;yes&#8221; link_target=&#8221;_self&#8221; width=&#8221;1\/1&#8243; el_position=&#8221;first last&#8221;] [\/spb_column] [spb_column width=&#8221;1\/2&#8243; el_position=&#8221;last&#8221;] [spb_text_block pb_margin_bottom=&#8221;no&#8221; pb_border_bottom=&#8221;no&#8221; el_class=&#8221;conference-header-3 subheader-paragraph&#8221; width=&#8221;1\/1&#8243; el_position=&#8221;first last&#8221;]\n<p>Ciudadanos por un Clima Vivible (Citizens&#8217; Climate Lobby, o CCL) es una organizaci\u00f3n de base, sin fines de lucro, que existe para crear la voluntad pol\u00edtica para soluciones al cambio clim\u00e1tico, facilitando grandes avances individuales en el ejercicio del poder personal y pol\u00edtico.<\/p>\n<p>Nuestro enfoque siempre respetuoso y no partidista de la educaci\u00f3n clim\u00e1tica est\u00e1 dise\u00f1ado para crear un fundamento amplio y sostenible para la acci\u00f3n clim\u00e1tica en todas las regiones geogr\u00e1ficas e inclinaciones pol\u00edticas.<\/p>\n<p>&nbsp;<\/p>\n<p>CCL empodera a la gente de a pie para trabajar con su comunidad y sus legisladores federales. Nuestros simpatizantes vienen de todo el espectro pol\u00edtico y trabajan en m\u00e1s de 450 cap\u00edtulos locales. Juntos, estamos construyendo el apoyo a una soluci\u00f3n nacional bipartidista para el cambio clim\u00e1tico.<\/p>\n[\/spb_text_block] [\/spb_column] [blank_spacer height=&#8221;30px&#8221; width=&#8221;1\/1&#8243; el_position=&#8221;first last&#8221;] [\/spb_row]\n","protected":false},"excerpt":{"rendered":"<p>[spb_row wrap_type=&#8221;full-width&#8221; row_bg_type=&#8221;image&#8221; color_row_height=&#8221;content-height&#8221; bg_type=&#8221;cover&#8221; parallax_image_height=&#8221;content-height&#8221; parallax_image_movement=&#8221;fixed&#8221; parallax_image_speed=&#8221;0.5&#8243; parallax_video_height=&#8221;window-height&#8221; parallax_video_overlay=&#8221;none&#8221; row_overlay_opacity=&#8221;0&#8243; row_padding_vertical=&#8221;0&#8243; row_padding_horizontal=&#8221;0&#8243; row_margin_vertical=&#8221;0&#8243; remove_element_spacing=&#8221;no&#8221; inner_column_height=&#8221;col-natural&#8221; width=&#8221;1\/1&#8243; el_position=&#8221;first last&#8221;] [spb_text_block pb_margin_bottom=&#8221;no&#8221; pb_border_bottom=&#8221;no&#8221; el_class=&#8221;section-header&#8221; width=&#8221;1\/1&#8243; el_position=&#8221;first last&#8221;] El clima es una prioridad absoluta. Hagamos ruido. [\/spb_text_block] [\/spb_row] [spb_row wrap_type=&#8221;content-width&#8221; row_bg_type=&#8221;image&#8221; color_row_height=&#8221;content-height&#8221; bg_type=&#8221;cover&#8221; parallax_image_height=&#8221;content-height&#8221; parallax_image_movement=&#8221;fixed&#8221; parallax_image_speed=&#8221;0.5&#8243; parallax_video_height=&#8221;window-height&#8221; parallax_video_overlay=&#8221;none&#8221; row_overlay_opacity=&#8221;0&#8243; row_padding_vertical=&#8221;0&#8243; row_padding_horizontal=&#8221;0&#8243; row_margin_vertical=&#8221;0&#8243; remove_element_spacing=&#8221;no&#8221; inner_column_height=&#8221;col-natural&#8221; width=&#8221;1\/1&#8243; el_position=&#8221;first last&#8221;] [blank_spacer height=&#8221;35px&#8221; width=&#8221;1\/1&#8243; el_position=&#8221;first last&#8221;] [&hellip;]<\/p>\n","protected":false},"author":85,"featured_media":46072,"parent":0,"menu_order":8,"comment_status":"closed","ping_status":"closed","template":"","meta":{"footnotes":""},"acf":[],"yoast_head":"<!-- This site is optimized with the Yoast SEO Premium plugin v21.3 (Yoast SEO v21.3) - https:\/\/yoast.com\/wordpress\/plugins\/seo\/ -->\n<title>Haga ruido - tome acci\u00f3n | Citizens&#039; Climate Lobby<\/title>\n<meta name=\"description\" content=\"El proyecto de ley Reconstruir Mejor todav\u00eda est\u00e1 en el Senado. Env\u00edeles un correo para decirles que el cambio clim\u00e1tico es la m\u00e1xima prioridad.\" \/>\n<meta name=\"robots\" content=\"index, follow, max-snippet:-1, max-image-preview:large, max-video-preview:-1\" \/>\n<link rel=\"canonical\" href=\"https:\/\/citizensclimatelobby.org\/es\/haga-ruido-tome-accion\/\" \/>\n<meta property=\"og:locale\" content=\"es_ES\" \/>\n<meta property=\"og:type\" content=\"article\" \/>\n<meta property=\"og:title\" content=\"El Presidente y el Senado est\u00e1n negociando. Es hora de hacer ruido.\" \/>\n<meta property=\"og:description\" content=\"El proyecto de ley Reconstruir Mejor todav\u00eda est\u00e1 en el Senado. Env\u00edeles un correo para decirles que el cambio clim\u00e1tico es la m\u00e1xima prioridad.\" \/>\n<meta property=\"og:url\" content=\"https:\/\/citizensclimatelobby.org\/es\/haga-ruido-tome-accion\/\" \/>\n<meta property=\"og:site_name\" content=\"Citizens&#039; Climate Lobby\" \/>\n<meta property=\"article:publisher\" content=\"https:\/\/www.facebook.com\/CitizensClimateLobby\/\" \/>\n<meta property=\"article:modified_time\" content=\"2022-03-04T22:37:37+00:00\" \/>\n<meta property=\"og:image\" content=\"https:\/\/citizensclimatelobby.org\/wp-content\/uploads\/2022\/03\/1200x630-Facebook-Senate-POTUS-Priority-Spanish-1.png\" \/>\n\t<meta property=\"og:image:width\" content=\"1088\" \/>\n\t<meta property=\"og:image:height\" content=\"556\" \/>\n\t<meta property=\"og:image:type\" content=\"image\/png\" \/>\n<meta name=\"twitter:card\" content=\"summary_large_image\" \/>\n<meta name=\"twitter:title\" content=\"El Presidente y el Senado est\u00e1n negociando. Es hora de hacer ruido.\" \/>\n<meta name=\"twitter:description\" content=\"El proyecto de ley Reconstruir Mejor todav\u00eda est\u00e1 en el Senado. Env\u00edeles un correo para decirles que el cambio clim\u00e1tico es la m\u00e1xima prioridad.\" \/>\n<meta name=\"twitter:image\" content=\"https:\/\/citizensclimatelobby.org\/wp-content\/uploads\/2022\/03\/1200x630-Facebook-Senate-POTUS-Priority-Spanish-1.png\" \/>\n<meta name=\"twitter:site\" content=\"@citizensclimate\" \/>\n<meta name=\"twitter:label1\" content=\"Tiempo de lectura\" \/>\n\t<meta name=\"twitter:data1\" content=\"6 minutes\" \/>\n<script type=\"application\/ld+json\" class=\"yoast-schema-graph\">{\"@context\":\"https:\/\/schema.org\",\"@graph\":[{\"@type\":\"WebPage\",\"@id\":\"https:\/\/citizensclimatelobby.org\/es\/haga-ruido-tome-accion\/\",\"url\":\"https:\/\/citizensclimatelobby.org\/es\/haga-ruido-tome-accion\/\",\"name\":\"Haga ruido - tome acci\u00f3n | Citizens&#039; Climate Lobby\",\"isPartOf\":{\"@id\":\"https:\/\/citizensclimatelobby.org\/#website\"},\"datePublished\":\"2021-10-04T17:15:51+00:00\",\"dateModified\":\"2022-03-04T22:37:37+00:00\",\"description\":\"El proyecto de ley Reconstruir Mejor todav\u00eda est\u00e1 en el Senado. Env\u00edeles un correo para decirles que el cambio clim\u00e1tico es la m\u00e1xima prioridad.\",\"breadcrumb\":{\"@id\":\"https:\/\/citizensclimatelobby.org\/es\/haga-ruido-tome-accion\/#breadcrumb\"},\"inLanguage\":\"es-ES\",\"potentialAction\":[{\"@type\":\"ReadAction\",\"target\":[\"https:\/\/citizensclimatelobby.org\/es\/haga-ruido-tome-accion\/\"]}]},{\"@type\":\"BreadcrumbList\",\"@id\":\"https:\/\/citizensclimatelobby.org\/es\/haga-ruido-tome-accion\/#breadcrumb\",\"itemListElement\":[{\"@type\":\"ListItem\",\"position\":1,\"name\":\"Home\",\"item\":\"https:\/\/citizensclimatelobby.org\/es\/\"},{\"@type\":\"ListItem\",\"position\":2,\"name\":\"Haga ruido &#8211; tome acci\u00f3n\"}]},{\"@type\":\"WebSite\",\"@id\":\"https:\/\/citizensclimatelobby.org\/#website\",\"url\":\"https:\/\/citizensclimatelobby.org\/\",\"name\":\"Citizens&#039; Climate Lobby\",\"description\":\"Political will for a livable world\",\"publisher\":{\"@id\":\"https:\/\/citizensclimatelobby.org\/#organization\"},\"potentialAction\":[{\"@type\":\"SearchAction\",\"target\":{\"@type\":\"EntryPoint\",\"urlTemplate\":\"https:\/\/citizensclimatelobby.org\/?s={search_term_string}\"},\"query-input\":\"required name=search_term_string\"}],\"inLanguage\":\"es-ES\"},{\"@type\":\"Organization\",\"@id\":\"https:\/\/citizensclimatelobby.org\/#organization\",\"name\":\"Citizens' Climate Lobby\",\"url\":\"https:\/\/citizensclimatelobby.org\/\",\"logo\":{\"@type\":\"ImageObject\",\"inLanguage\":\"es-ES\",\"@id\":\"https:\/\/citizensclimatelobby.org\/#\/schema\/logo\/image\/\",\"url\":\"https:\/\/citizensclimatelobby.org\/wp-content\/uploads\/2017\/04\/CCL-Logo.png\",\"contentUrl\":\"https:\/\/citizensclimatelobby.org\/wp-content\/uploads\/2017\/04\/CCL-Logo.png\",\"width\":314,\"height\":201,\"caption\":\"Citizens' Climate Lobby\"},\"image\":{\"@id\":\"https:\/\/citizensclimatelobby.org\/#\/schema\/logo\/image\/\"},\"sameAs\":[\"https:\/\/www.facebook.com\/CitizensClimateLobby\/\",\"https:\/\/twitter.com\/citizensclimate\",\"https:\/\/www.instagram.com\/citizensclimate\/\",\"https:\/\/www.linkedin.com\/company\/citizens-climate-lobby\/\",\"https:\/\/www.youtube.com\/c\/CitizensClimateLobby\",\"https:\/\/en.wikipedia.org\/wiki\/Citizens_Climate_Lobby\"]}]}<\/script>\n<!-- \/ Yoast SEO Premium plugin. -->","yoast_head_json":{"title":"Haga ruido - tome acci\u00f3n | Citizens&#039; Climate Lobby","description":"El proyecto de ley Reconstruir Mejor todav\u00eda est\u00e1 en el Senado. Env\u00edeles un correo para decirles que el cambio clim\u00e1tico es la m\u00e1xima prioridad.","robots":{"index":"index","follow":"follow","max-snippet":"max-snippet:-1","max-image-preview":"max-image-preview:large","max-video-preview":"max-video-preview:-1"},"canonical":"https:\/\/citizensclimatelobby.org\/es\/haga-ruido-tome-accion\/","og_locale":"es_ES","og_type":"article","og_title":"El Presidente y el Senado est\u00e1n negociando. Es hora de hacer ruido.","og_description":"El proyecto de ley Reconstruir Mejor todav\u00eda est\u00e1 en el Senado. Env\u00edeles un correo para decirles que el cambio clim\u00e1tico es la m\u00e1xima prioridad.","og_url":"https:\/\/citizensclimatelobby.org\/es\/haga-ruido-tome-accion\/","og_site_name":"Citizens&#039; Climate Lobby","article_publisher":"https:\/\/www.facebook.com\/CitizensClimateLobby\/","article_modified_time":"2022-03-04T22:37:37+00:00","og_image":[{"width":1088,"height":556,"url":"https:\/\/citizensclimatelobby.org\/wp-content\/uploads\/2022\/03\/1200x630-Facebook-Senate-POTUS-Priority-Spanish-1.png","type":"image\/png"}],"twitter_card":"summary_large_image","twitter_title":"El Presidente y el Senado est\u00e1n negociando. Es hora de hacer ruido.","twitter_description":"El proyecto de ley Reconstruir Mejor todav\u00eda est\u00e1 en el Senado. Env\u00edeles un correo para decirles que el cambio clim\u00e1tico es la m\u00e1xima prioridad.","twitter_image":"https:\/\/citizensclimatelobby.org\/wp-content\/uploads\/2022\/03\/1200x630-Facebook-Senate-POTUS-Priority-Spanish-1.png","twitter_site":"@citizensclimate","twitter_misc":{"Tiempo de lectura":"6 minutes"},"schema":{"@context":"https:\/\/schema.org","@graph":[{"@type":"WebPage","@id":"https:\/\/citizensclimatelobby.org\/es\/haga-ruido-tome-accion\/","url":"https:\/\/citizensclimatelobby.org\/es\/haga-ruido-tome-accion\/","name":"Haga ruido - tome acci\u00f3n | Citizens&#039; Climate Lobby","isPartOf":{"@id":"https:\/\/citizensclimatelobby.org\/#website"},"datePublished":"2021-10-04T17:15:51+00:00","dateModified":"2022-03-04T22:37:37+00:00","description":"El proyecto de ley Reconstruir Mejor todav\u00eda est\u00e1 en el Senado. Env\u00edeles un correo para decirles que el cambio clim\u00e1tico es la m\u00e1xima prioridad.","breadcrumb":{"@id":"https:\/\/citizensclimatelobby.org\/es\/haga-ruido-tome-accion\/#breadcrumb"},"inLanguage":"es-ES","potentialAction":[{"@type":"ReadAction","target":["https:\/\/citizensclimatelobby.org\/es\/haga-ruido-tome-accion\/"]}]},{"@type":"BreadcrumbList","@id":"https:\/\/citizensclimatelobby.org\/es\/haga-ruido-tome-accion\/#breadcrumb","itemListElement":[{"@type":"ListItem","position":1,"name":"Home","item":"https:\/\/citizensclimatelobby.org\/es\/"},{"@type":"ListItem","position":2,"name":"Haga ruido &#8211; tome acci\u00f3n"}]},{"@type":"WebSite","@id":"https:\/\/citizensclimatelobby.org\/#website","url":"https:\/\/citizensclimatelobby.org\/","name":"Citizens&#039; Climate Lobby","description":"Political will for a livable world","publisher":{"@id":"https:\/\/citizensclimatelobby.org\/#organization"},"potentialAction":[{"@type":"SearchAction","target":{"@type":"EntryPoint","urlTemplate":"https:\/\/citizensclimatelobby.org\/?s={search_term_string}"},"query-input":"required name=search_term_string"}],"inLanguage":"es-ES"},{"@type":"Organization","@id":"https:\/\/citizensclimatelobby.org\/#organization","name":"Citizens' Climate Lobby","url":"https:\/\/citizensclimatelobby.org\/","logo":{"@type":"ImageObject","inLanguage":"es-ES","@id":"https:\/\/citizensclimatelobby.org\/#\/schema\/logo\/image\/","url":"https:\/\/citizensclimatelobby.org\/wp-content\/uploads\/2017\/04\/CCL-Logo.png","contentUrl":"https:\/\/citizensclimatelobby.org\/wp-content\/uploads\/2017\/04\/CCL-Logo.png","width":314,"height":201,"caption":"Citizens' Climate Lobby"},"image":{"@id":"https:\/\/citizensclimatelobby.org\/#\/schema\/logo\/image\/"},"sameAs":["https:\/\/www.facebook.com\/CitizensClimateLobby\/","https:\/\/twitter.com\/citizensclimate","https:\/\/www.instagram.com\/citizensclimate\/","https:\/\/www.linkedin.com\/company\/citizens-climate-lobby\/","https:\/\/www.youtube.com\/c\/CitizensClimateLobby","https:\/\/en.wikipedia.org\/wiki\/Citizens_Climate_Lobby"]}]}},"_links":{"self":[{"href":"https:\/\/citizensclimatelobby.org\/es\/wp-json\/wp\/v2\/pages\/43247"}],"collection":[{"href":"https:\/\/citizensclimatelobby.org\/es\/wp-json\/wp\/v2\/pages"}],"about":[{"href":"https:\/\/citizensclimatelobby.org\/es\/wp-json\/wp\/v2\/types\/page"}],"author":[{"embeddable":true,"href":"https:\/\/citizensclimatelobby.org\/es\/wp-json\/wp\/v2\/users\/85"}],"replies":[{"embeddable":true,"href":"https:\/\/citizensclimatelobby.org\/es\/wp-json\/wp\/v2\/comments?post=43247"}],"version-history":[{"count":0,"href":"https:\/\/citizensclimatelobby.org\/es\/wp-json\/wp\/v2\/pages\/43247\/revisions"}],"wp:featuredmedia":[{"embeddable":true,"href":"https:\/\/citizensclimatelobby.org\/es\/wp-json\/wp\/v2\/media\/46072"}],"wp:attachment":[{"href":"https:\/\/citizensclimatelobby.org\/es\/wp-json\/wp\/v2\/media?parent=43247"}],"curies":[{"name":"wp","href":"https:\/\/api.w.org\/{rel}","templated":true}]}}