{"id":53057,"date":"2022-11-04T18:11:13","date_gmt":"2022-11-04T18:11:13","guid":{"rendered":"https:\/\/stageccl.wpengine.com\/get-loud-take-action\/"},"modified":"2023-01-31T00:18:37","modified_gmt":"2023-01-31T00:18:37","slug":"alcemos-la-voz-seamos-el-cambio","status":"publish","type":"page","link":"https:\/\/citizensclimatelobby.org\/es\/alcemos-la-voz-seamos-el-cambio\/","title":{"rendered":"Alcemos la voz, seamos el cambio"},"content":{"rendered":"[spb_row wrap_type=&#8221;full-width&#8221; row_bg_type=&#8221;image&#8221; color_row_height=&#8221;content-height&#8221; bg_type=&#8221;cover&#8221; parallax_image_height=&#8221;content-height&#8221; parallax_image_movement=&#8221;fixed&#8221; parallax_image_speed=&#8221;0.5&#8243; parallax_video_height=&#8221;window-height&#8221; parallax_video_overlay=&#8221;none&#8221; row_overlay_opacity=&#8221;0&#8243; row_padding_vertical=&#8221;0&#8243; row_padding_horizontal=&#8221;0&#8243; row_margin_vertical=&#8221;0&#8243; remove_element_spacing=&#8221;no&#8221; inner_column_height=&#8221;col-natural&#8221; width=&#8221;1\/1&#8243; el_position=&#8221;first last&#8221;] [spb_text_block pb_margin_bottom=&#8221;no&#8221; pb_border_bottom=&#8221;no&#8221; el_class=&#8221;section-header&#8221; width=&#8221;1\/1&#8243; el_position=&#8221;first last&#8221;]\n<h1 style=\"text-align: center; padding: 40px 10px 0px;\">Es hora de alzar la voz en defensa de nuestro ambiente \ud83d\udce3<\/h1>\n[\/spb_text_block] [\/spb_row] [spb_row wrap_type=&#8221;content-width&#8221; row_bg_type=&#8221;image&#8221; color_row_height=&#8221;content-height&#8221; bg_type=&#8221;cover&#8221; parallax_image_height=&#8221;content-height&#8221; parallax_image_movement=&#8221;fixed&#8221; parallax_image_speed=&#8221;0.5&#8243; parallax_video_height=&#8221;window-height&#8221; parallax_video_overlay=&#8221;none&#8221; row_overlay_opacity=&#8221;0&#8243; row_padding_vertical=&#8221;0&#8243; row_padding_horizontal=&#8221;0&#8243; row_margin_vertical=&#8221;0&#8243; remove_element_spacing=&#8221;no&#8221; inner_column_height=&#8221;col-natural&#8221; width=&#8221;1\/1&#8243; el_position=&#8221;first last&#8221;] [blank_spacer height=&#8221;35px&#8221; width=&#8221;1\/1&#8243; el_position=&#8221;first last&#8221;] [spb_column width=&#8221;1\/1&#8243; el_position=&#8221;first last&#8221;] [spb_text_block pb_margin_bottom=&#8221;no&#8221; pb_border_bottom=&#8221;no&#8221; width=&#8221;1\/1&#8243; el_position=&#8221;first last&#8221;]\n<p>Si queremos aprobar una pol\u00edtica clim\u00e1tica, necesitamos que el Congreso reciba llamadas constantes de distintas voces. Hoy es un gran d\u00eda para unirse a esa campa\u00f1a. Si es su primera vez aqu\u00ed, dedique un minuto para presentarse ante sus representantes y senadores. Si los miembros del Congreso conocen su opini\u00f3n, siga presionando para que se fije un precio al carbono y comparta las publicaciones m\u00e1s importantes de CCL en las redes sociales para instarles a que tambi\u00e9n act\u00faen a favor de nuestro ambiente. <strong>Juntos podemos causar un gran impacto.<\/strong><\/p>\n<p>&nbsp;<\/p>\n[\/spb_text_block] [\/spb_column] [\/spb_row] [blank_spacer height=&#8221;35px&#8221; width=&#8221;1\/1&#8243; el_position=&#8221;first last&#8221;] [spb_row wrap_type=&#8221;content-width&#8221; row_bg_type=&#8221;image&#8221; color_row_height=&#8221;content-height&#8221; bg_type=&#8221;cover&#8221; parallax_image_height=&#8221;content-height&#8221; parallax_image_movement=&#8221;fixed&#8221; parallax_image_speed=&#8221;0.5&#8243; parallax_video_height=&#8221;window-height&#8221; parallax_video_overlay=&#8221;none&#8221; row_overlay_opacity=&#8221;0&#8243; row_padding_vertical=&#8221;0&#8243; row_padding_horizontal=&#8221;0&#8243; row_margin_vertical=&#8221;0&#8243; remove_element_spacing=&#8221;no&#8221; inner_column_height=&#8221;col-natural&#8221; width=&#8221;1\/1&#8243; el_position=&#8221;first last&#8221;] [spb_column col_el_class=&#8221;shadow take-action-card&#8221; width=&#8221;1\/2&#8243; el_position=&#8221;first&#8221;] [spb_single_image image=&#8221;51340&#8243; image_size=&#8221;full&#8221; frame=&#8221;noframe&#8221; intro_animation=&#8221;none&#8221; full_width=&#8221;no&#8221; lightbox=&#8221;no&#8221; image_link=&#8221;\/get-loud-take-action\/introduce-yourself\/&#8221; link_target=&#8221;_self&#8221; width=&#8221;1\/1&#8243; el_position=&#8221;first last&#8221;] [spb_text_block pb_margin_bottom=&#8221;no&#8221; pb_border_bottom=&#8221;no&#8221; el_class=&#8221;conference-header-3 container-padding&#8221; width=&#8221;1\/1&#8243; el_position=&#8221;first last&#8221;]\n<h3><a href=\"https:\/\/citizensclimatelobby.org\/es\/?page_id=52347\">Pres\u00e9ntese ante sus miembros del Congreso<\/a><\/h3>\n[\/spb_text_block] [spb_text_block pb_margin_bottom=&#8221;no&#8221; pb_border_bottom=&#8221;no&#8221; el_class=&#8221;subheader-paragraph container-padding column_paragraph_height&#8221; width=&#8221;1\/1&#8243; el_position=&#8221;first last&#8221;]\n<p>Para que nuestros congresistas nos representen bien, tenemos que decirles los temas que nos preocupan y lo que queremos que hagan. Si todav\u00eda no lo ha hecho, este es un buen momento para presentarse como votante clim\u00e1tico.<\/p>\n[\/spb_text_block] [spb_raw_html width=&#8221;1\/1&#8243; el_position=&#8221;first last&#8221;]JTNDZGl2JTIwY2xhc3MlM0QlMjJjb250YWluZXItYnV0dG9uLW1hcmdpbiUyMiUzRSUzQ2J1dHRvbiUyMGNsYXNzJTNEJTIyd2hpdGUtYmFja2dyb3VuZC1ncmV5LXRleHQlMjIlMjBvbmNsaWNrJTNEJTIyd2luZG93LmxvY2F0aW9uLmhyZWYlM0QlMjclMkZnZXQtbG91ZC10YWtlLWFjdGlvbiUyRmludHJvZHVjZS15b3Vyc2VsZiUyRiUyNyUzQiUyMiUzRUVudmlhciUyMHVuJTIwY29ycmVvJTIwZWxlY3RyJUMzJUIzbmljbyUzQyUyRmJ1dHRvbiUzRSUzQyUyRmRpdiUzRQ==[\/spb_raw_html] [blank_spacer height=&#8221;30px&#8221; width=&#8221;1\/1&#8243; el_position=&#8221;first last&#8221;] [\/spb_column] [spb_column col_el_class=&#8221;shadow take-action-card&#8221; width=&#8221;1\/2&#8243; el_position=&#8221;last&#8221;] [spb_single_image image=&#8221;52022&#8243; image_size=&#8221;full&#8221; frame=&#8221;noframe&#8221; intro_animation=&#8221;none&#8221; full_width=&#8221;no&#8221; lightbox=&#8221;no&#8221; image_link=&#8221;\/get-loud-take-action\/price-carbon\/&#8221; link_target=&#8221;_self&#8221; width=&#8221;1\/1&#8243; el_position=&#8221;first last&#8221;] [spb_text_block pb_margin_bottom=&#8221;no&#8221; pb_border_bottom=&#8221;no&#8221; el_class=&#8221;conference-header-3 container-padding&#8221; width=&#8221;1\/1&#8243; el_position=&#8221;first last&#8221;]\n<h3><a href=\"..\/get-loud-take-action\/price-carbon\/\">Sentemos la base para aprobar el precio al carbono<\/a><\/h3>\n[\/spb_text_block] [spb_text_block pb_margin_bottom=&#8221;no&#8221; pb_border_bottom=&#8221;no&#8221; el_class=&#8221;subheader-paragraph container-padding column_paragraph_height&#8221; width=&#8221;1\/1&#8243; el_position=&#8221;first last&#8221;]\n<p>Fijar un precio al carbono impulsar\u00e1 la innovaci\u00f3n energ\u00e9tica, dando a todas las comunidades estadounidenses acceso a energ\u00edas limpias, abundantes y asequibles a un precio predecible. Env\u00ede un correo electr\u00f3nico a sus congresistas pidi\u00e9ndoles que apoyen esta pol\u00edtica.<\/p>\n[\/spb_text_block] [spb_raw_html width=&#8221;1\/1&#8243; el_position=&#8221;first last&#8221;]JTNDZGl2JTIwY2xhc3MlM0QlMjJjb250YWluZXItYnV0dG9uLW1hcmdpbiUyMiUzRSUzQ2J1dHRvbiUyMGNsYXNzJTNEJTIyd2hpdGUtYmFja2dyb3VuZC1ncmV5LXRleHQlMjIlMjBvbmNsaWNrJTNEJTIyd2luZG93LmxvY2F0aW9uLmhyZWYlM0QlMjcuLiUyRmdldC1sb3VkLXRha2UtYWN0aW9uJTJGcHJpY2UtY2FyYm9uJTJGJTI3JTNCJTIyJTNFRXNjcmliaXIlMjBhbCUyMENvbmdyZXNvJTNDJTJGYnV0dG9uJTNFJTNDJTJGZGl2JTNF[\/spb_raw_html] [blank_spacer height=&#8221;30px&#8221; width=&#8221;1\/1&#8243; el_position=&#8221;first last&#8221;] [\/spb_column] [blank_spacer height=&#8221;30px&#8221; spacer_id=&#8221;navigation&#8221; width=&#8221;1\/1&#8243; el_position=&#8221;first last&#8221;] [\/spb_row] [spb_row wrap_type=&#8221;content-width&#8221; row_bg_type=&#8221;image&#8221; color_row_height=&#8221;content-height&#8221; bg_type=&#8221;cover&#8221; parallax_image_height=&#8221;content-height&#8221; parallax_image_movement=&#8221;fixed&#8221; parallax_image_speed=&#8221;0.5&#8243; parallax_video_height=&#8221;window-height&#8221; parallax_video_overlay=&#8221;none&#8221; row_overlay_opacity=&#8221;0&#8243; row_padding_vertical=&#8221;0&#8243; row_padding_horizontal=&#8221;0&#8243; row_margin_vertical=&#8221;0&#8243; remove_element_spacing=&#8221;no&#8221; inner_column_height=&#8221;col-natural&#8221; width=&#8221;1\/1&#8243; el_position=&#8221;first last&#8221;] [blank_spacer height=&#8221;30px&#8221; width=&#8221;1\/1&#8243; el_position=&#8221;first last&#8221;] [blank_spacer height=&#8221;30px&#8221; width=&#8221;1\/1&#8243; el_position=&#8221;first last&#8221;] [spb_text_block pb_margin_bottom=&#8221;no&#8221; pb_border_bottom=&#8221;no&#8221; el_class=&#8221;section-header&#8221; width=&#8221;1\/1&#8243; el_position=&#8221;first last&#8221;]\n<h2 style=\"text-align: center;\">\u00bfQu\u00e9 hacemos en Ciudadanos por un Clima Vivible?<\/h2>\n[\/spb_text_block] [blank_spacer height=&#8221;30px&#8221; width=&#8221;1\/1&#8243; el_position=&#8221;first last&#8221;] [spb_column width=&#8221;1\/2&#8243; el_position=&#8221;first&#8221;] [spb_single_image image=&#8221;50247&#8243; image_size=&#8221;full&#8221; frame=&#8221;noframe&#8221; intro_animation=&#8221;none&#8221; full_width=&#8221;no&#8221; lightbox=&#8221;yes&#8221; link_target=&#8221;_self&#8221; width=&#8221;1\/1&#8243; el_position=&#8221;first last&#8221;] [\/spb_column] [spb_column width=&#8221;1\/2&#8243; el_position=&#8221;last&#8221;] [spb_text_block pb_margin_bottom=&#8221;no&#8221; pb_border_bottom=&#8221;no&#8221; el_class=&#8221;conference-header-3 subheader-paragraph&#8221; width=&#8221;1\/1&#8243; el_position=&#8221;first last&#8221;]\n<p>Ciudadanos por un Clima Vivible (CCL, por sus siglas en ingl\u00e9s) es una organizaci\u00f3n de base no partidista y sin fines de lucro que aboga por el cambio clim\u00e1tico y que existe para crear la voluntad pol\u00edtica de soluciones contra el cambio clim\u00e1tico, permitiendo avances individuales en el ejercicio del poder personal y pol\u00edtico.<\/p>\n<p>&nbsp;<\/p>\n<p>Nuestro enfoque respetuoso y no partidista de la educaci\u00f3n clim\u00e1tica est\u00e1 dise\u00f1ado para crear una base amplia y sostenible para la acci\u00f3n clim\u00e1tica en todas las regiones geogr\u00e1ficas e inclinaciones pol\u00edticas.<\/p>\n<p>&nbsp;<\/p>\n<p>CCL capacita a la gente del d\u00eda a d\u00eda para trabajar con su comunidad y sus congresistas. Nuestros voluntarios abarcan todo el espectro pol\u00edtico y trabajan en m\u00e1s de 450 cap\u00edtulos. Todos juntos apoyamos una soluci\u00f3n nacional bipartidista al cambio clim\u00e1tico.<\/p>\n[\/spb_text_block] [\/spb_column] [blank_spacer height=&#8221;30px&#8221; width=&#8221;1\/1&#8243; el_position=&#8221;first last&#8221;] [\/spb_row]\n","protected":false},"excerpt":{"rendered":"<p>[spb_row wrap_type=&#8221;full-width&#8221; row_bg_type=&#8221;image&#8221; color_row_height=&#8221;content-height&#8221; bg_type=&#8221;cover&#8221; parallax_image_height=&#8221;content-height&#8221; parallax_image_movement=&#8221;fixed&#8221; parallax_image_speed=&#8221;0.5&#8243; parallax_video_height=&#8221;window-height&#8221; parallax_video_overlay=&#8221;none&#8221; row_overlay_opacity=&#8221;0&#8243; row_padding_vertical=&#8221;0&#8243; row_padding_horizontal=&#8221;0&#8243; row_margin_vertical=&#8221;0&#8243; remove_element_spacing=&#8221;no&#8221; inner_column_height=&#8221;col-natural&#8221; width=&#8221;1\/1&#8243; el_position=&#8221;first last&#8221;] [spb_text_block pb_margin_bottom=&#8221;no&#8221; pb_border_bottom=&#8221;no&#8221; el_class=&#8221;section-header&#8221; width=&#8221;1\/1&#8243; el_position=&#8221;first last&#8221;] Es hora de alzar la voz en defensa de nuestro ambiente \ud83d\udce3 [\/spb_text_block] [\/spb_row] [spb_row wrap_type=&#8221;content-width&#8221; row_bg_type=&#8221;image&#8221; color_row_height=&#8221;content-height&#8221; bg_type=&#8221;cover&#8221; parallax_image_height=&#8221;content-height&#8221; parallax_image_movement=&#8221;fixed&#8221; parallax_image_speed=&#8221;0.5&#8243; parallax_video_height=&#8221;window-height&#8221; parallax_video_overlay=&#8221;none&#8221; row_overlay_opacity=&#8221;0&#8243; row_padding_vertical=&#8221;0&#8243; row_padding_horizontal=&#8221;0&#8243; row_margin_vertical=&#8221;0&#8243; remove_element_spacing=&#8221;no&#8221; inner_column_height=&#8221;col-natural&#8221; width=&#8221;1\/1&#8243; el_position=&#8221;first last&#8221;] [blank_spacer [&hellip;]<\/p>\n","protected":false},"author":150,"featured_media":62135,"parent":0,"menu_order":8,"comment_status":"closed","ping_status":"closed","template":"","meta":{"footnotes":""},"acf":[],"yoast_head":"<!-- This site is optimized with the Yoast SEO Premium plugin v21.3 (Yoast SEO v21.3) - https:\/\/yoast.com\/wordpress\/plugins\/seo\/ -->\n<title>Alcemos la voz, seamos el cambio | Ciudadanos por un Clima Vivible<\/title>\n<meta name=\"description\" content=\"Si queremos aprobar una pol\u00edtica clim\u00e1tica, necesitamos que el Congreso escuche nuestras voces de manera constante.\" \/>\n<meta name=\"robots\" content=\"index, follow, max-snippet:-1, max-image-preview:large, max-video-preview:-1\" \/>\n<link rel=\"canonical\" href=\"https:\/\/citizensclimatelobby.org\/es\/alcemos-la-voz-seamos-el-cambio\/\" \/>\n<meta property=\"og:locale\" content=\"es_ES\" \/>\n<meta property=\"og:type\" content=\"article\" \/>\n<meta property=\"og:title\" content=\"Take Action for Climate | Citizens&#039; Climate Lobby\" \/>\n<meta property=\"og:description\" content=\"To pass climate policy, we need Congress to hear a chorus of many different voices calling or emailing their offices in a steady stream.\" \/>\n<meta property=\"og:url\" content=\"https:\/\/citizensclimatelobby.org\/es\/alcemos-la-voz-seamos-el-cambio\/\" \/>\n<meta property=\"og:site_name\" content=\"Citizens&#039; Climate Lobby\" \/>\n<meta property=\"article:publisher\" content=\"https:\/\/www.facebook.com\/CitizensClimateLobby\/\" \/>\n<meta property=\"article:modified_time\" content=\"2023-01-31T00:18:37+00:00\" \/>\n<meta property=\"og:image\" content=\"https:\/\/citizensclimatelobby.org\/wp-content\/uploads\/2022\/09\/get-loud-take-action-social-share-1200x630-1.jpg\" \/>\n\t<meta property=\"og:image:width\" content=\"1200\" \/>\n\t<meta property=\"og:image:height\" content=\"630\" \/>\n\t<meta property=\"og:image:type\" content=\"image\/jpeg\" \/>\n<meta name=\"twitter:card\" content=\"summary_large_image\" \/>\n<meta name=\"twitter:title\" content=\"Take Action for Climate | Citizens&#039; Climate Lobby\" \/>\n<meta name=\"twitter:description\" content=\"To pass climate policy, we need Congress to hear a chorus of many different voices calling or emailing their offices in a steady stream.\" \/>\n<meta name=\"twitter:site\" content=\"@citizensclimate\" \/>\n<meta name=\"twitter:label1\" content=\"Tiempo de lectura\" \/>\n\t<meta name=\"twitter:data1\" content=\"3 minutes\" \/>\n<script type=\"application\/ld+json\" class=\"yoast-schema-graph\">{\"@context\":\"https:\/\/schema.org\",\"@graph\":[{\"@type\":\"WebPage\",\"@id\":\"https:\/\/citizensclimatelobby.org\/es\/alcemos-la-voz-seamos-el-cambio\/\",\"url\":\"https:\/\/citizensclimatelobby.org\/es\/alcemos-la-voz-seamos-el-cambio\/\",\"name\":\"Alcemos la voz, seamos el cambio | Ciudadanos por un Clima Vivible\",\"isPartOf\":{\"@id\":\"https:\/\/citizensclimatelobby.org\/#website\"},\"datePublished\":\"2022-11-04T18:11:13+00:00\",\"dateModified\":\"2023-01-31T00:18:37+00:00\",\"description\":\"Si queremos aprobar una pol\u00edtica clim\u00e1tica, necesitamos que el Congreso escuche nuestras voces de manera constante.\",\"breadcrumb\":{\"@id\":\"https:\/\/citizensclimatelobby.org\/es\/alcemos-la-voz-seamos-el-cambio\/#breadcrumb\"},\"inLanguage\":\"es-ES\",\"potentialAction\":[{\"@type\":\"ReadAction\",\"target\":[\"https:\/\/citizensclimatelobby.org\/es\/alcemos-la-voz-seamos-el-cambio\/\"]}]},{\"@type\":\"BreadcrumbList\",\"@id\":\"https:\/\/citizensclimatelobby.org\/es\/alcemos-la-voz-seamos-el-cambio\/#breadcrumb\",\"itemListElement\":[{\"@type\":\"ListItem\",\"position\":1,\"name\":\"Home\",\"item\":\"https:\/\/citizensclimatelobby.org\/es\/\"},{\"@type\":\"ListItem\",\"position\":2,\"name\":\"Alcemos la voz, seamos el cambio\"}]},{\"@type\":\"WebSite\",\"@id\":\"https:\/\/citizensclimatelobby.org\/#website\",\"url\":\"https:\/\/citizensclimatelobby.org\/\",\"name\":\"Citizens&#039; Climate Lobby\",\"description\":\"Political will for a livable world\",\"publisher\":{\"@id\":\"https:\/\/citizensclimatelobby.org\/#organization\"},\"potentialAction\":[{\"@type\":\"SearchAction\",\"target\":{\"@type\":\"EntryPoint\",\"urlTemplate\":\"https:\/\/citizensclimatelobby.org\/?s={search_term_string}\"},\"query-input\":\"required name=search_term_string\"}],\"inLanguage\":\"es-ES\"},{\"@type\":\"Organization\",\"@id\":\"https:\/\/citizensclimatelobby.org\/#organization\",\"name\":\"Citizens' Climate Lobby\",\"url\":\"https:\/\/citizensclimatelobby.org\/\",\"logo\":{\"@type\":\"ImageObject\",\"inLanguage\":\"es-ES\",\"@id\":\"https:\/\/citizensclimatelobby.org\/#\/schema\/logo\/image\/\",\"url\":\"https:\/\/citizensclimatelobby.org\/wp-content\/uploads\/2017\/04\/CCL-Logo.png\",\"contentUrl\":\"https:\/\/citizensclimatelobby.org\/wp-content\/uploads\/2017\/04\/CCL-Logo.png\",\"width\":314,\"height\":201,\"caption\":\"Citizens' Climate Lobby\"},\"image\":{\"@id\":\"https:\/\/citizensclimatelobby.org\/#\/schema\/logo\/image\/\"},\"sameAs\":[\"https:\/\/www.facebook.com\/CitizensClimateLobby\/\",\"https:\/\/twitter.com\/citizensclimate\",\"https:\/\/www.instagram.com\/citizensclimate\/\",\"https:\/\/www.linkedin.com\/company\/citizens-climate-lobby\/\",\"https:\/\/www.youtube.com\/c\/CitizensClimateLobby\",\"https:\/\/en.wikipedia.org\/wiki\/Citizens_Climate_Lobby\"]}]}<\/script>\n<!-- \/ Yoast SEO Premium plugin. -->","yoast_head_json":{"title":"Alcemos la voz, seamos el cambio | Ciudadanos por un Clima Vivible","description":"Si queremos aprobar una pol\u00edtica clim\u00e1tica, necesitamos que el Congreso escuche nuestras voces de manera constante.","robots":{"index":"index","follow":"follow","max-snippet":"max-snippet:-1","max-image-preview":"max-image-preview:large","max-video-preview":"max-video-preview:-1"},"canonical":"https:\/\/citizensclimatelobby.org\/es\/alcemos-la-voz-seamos-el-cambio\/","og_locale":"es_ES","og_type":"article","og_title":"Take Action for Climate | Citizens' Climate Lobby","og_description":"To pass climate policy, we need Congress to hear a chorus of many different voices calling or emailing their offices in a steady stream.","og_url":"https:\/\/citizensclimatelobby.org\/es\/alcemos-la-voz-seamos-el-cambio\/","og_site_name":"Citizens&#039; Climate Lobby","article_publisher":"https:\/\/www.facebook.com\/CitizensClimateLobby\/","article_modified_time":"2023-01-31T00:18:37+00:00","og_image":[{"width":1200,"height":630,"url":"https:\/\/citizensclimatelobby.org\/wp-content\/uploads\/2022\/09\/get-loud-take-action-social-share-1200x630-1.jpg","type":"image\/jpeg"}],"twitter_card":"summary_large_image","twitter_title":"Take Action for Climate | Citizens' Climate Lobby","twitter_description":"To pass climate policy, we need Congress to hear a chorus of many different voices calling or emailing their offices in a steady stream.","twitter_site":"@citizensclimate","twitter_misc":{"Tiempo de lectura":"3 minutes"},"schema":{"@context":"https:\/\/schema.org","@graph":[{"@type":"WebPage","@id":"https:\/\/citizensclimatelobby.org\/es\/alcemos-la-voz-seamos-el-cambio\/","url":"https:\/\/citizensclimatelobby.org\/es\/alcemos-la-voz-seamos-el-cambio\/","name":"Alcemos la voz, seamos el cambio | Ciudadanos por un Clima Vivible","isPartOf":{"@id":"https:\/\/citizensclimatelobby.org\/#website"},"datePublished":"2022-11-04T18:11:13+00:00","dateModified":"2023-01-31T00:18:37+00:00","description":"Si queremos aprobar una pol\u00edtica clim\u00e1tica, necesitamos que el Congreso escuche nuestras voces de manera constante.","breadcrumb":{"@id":"https:\/\/citizensclimatelobby.org\/es\/alcemos-la-voz-seamos-el-cambio\/#breadcrumb"},"inLanguage":"es-ES","potentialAction":[{"@type":"ReadAction","target":["https:\/\/citizensclimatelobby.org\/es\/alcemos-la-voz-seamos-el-cambio\/"]}]},{"@type":"BreadcrumbList","@id":"https:\/\/citizensclimatelobby.org\/es\/alcemos-la-voz-seamos-el-cambio\/#breadcrumb","itemListElement":[{"@type":"ListItem","position":1,"name":"Home","item":"https:\/\/citizensclimatelobby.org\/es\/"},{"@type":"ListItem","position":2,"name":"Alcemos la voz, seamos el cambio"}]},{"@type":"WebSite","@id":"https:\/\/citizensclimatelobby.org\/#website","url":"https:\/\/citizensclimatelobby.org\/","name":"Citizens&#039; Climate Lobby","description":"Political will for a livable world","publisher":{"@id":"https:\/\/citizensclimatelobby.org\/#organization"},"potentialAction":[{"@type":"SearchAction","target":{"@type":"EntryPoint","urlTemplate":"https:\/\/citizensclimatelobby.org\/?s={search_term_string}"},"query-input":"required name=search_term_string"}],"inLanguage":"es-ES"},{"@type":"Organization","@id":"https:\/\/citizensclimatelobby.org\/#organization","name":"Citizens' Climate Lobby","url":"https:\/\/citizensclimatelobby.org\/","logo":{"@type":"ImageObject","inLanguage":"es-ES","@id":"https:\/\/citizensclimatelobby.org\/#\/schema\/logo\/image\/","url":"https:\/\/citizensclimatelobby.org\/wp-content\/uploads\/2017\/04\/CCL-Logo.png","contentUrl":"https:\/\/citizensclimatelobby.org\/wp-content\/uploads\/2017\/04\/CCL-Logo.png","width":314,"height":201,"caption":"Citizens' Climate Lobby"},"image":{"@id":"https:\/\/citizensclimatelobby.org\/#\/schema\/logo\/image\/"},"sameAs":["https:\/\/www.facebook.com\/CitizensClimateLobby\/","https:\/\/twitter.com\/citizensclimate","https:\/\/www.instagram.com\/citizensclimate\/","https:\/\/www.linkedin.com\/company\/citizens-climate-lobby\/","https:\/\/www.youtube.com\/c\/CitizensClimateLobby","https:\/\/en.wikipedia.org\/wiki\/Citizens_Climate_Lobby"]}]}},"_links":{"self":[{"href":"https:\/\/citizensclimatelobby.org\/es\/wp-json\/wp\/v2\/pages\/53057"}],"collection":[{"href":"https:\/\/citizensclimatelobby.org\/es\/wp-json\/wp\/v2\/pages"}],"about":[{"href":"https:\/\/citizensclimatelobby.org\/es\/wp-json\/wp\/v2\/types\/page"}],"author":[{"embeddable":true,"href":"https:\/\/citizensclimatelobby.org\/es\/wp-json\/wp\/v2\/users\/150"}],"replies":[{"embeddable":true,"href":"https:\/\/citizensclimatelobby.org\/es\/wp-json\/wp\/v2\/comments?post=53057"}],"version-history":[{"count":0,"href":"https:\/\/citizensclimatelobby.org\/es\/wp-json\/wp\/v2\/pages\/53057\/revisions"}],"wp:featuredmedia":[{"embeddable":true,"href":"https:\/\/citizensclimatelobby.org\/es\/wp-json\/wp\/v2\/media\/62135"}],"wp:attachment":[{"href":"https:\/\/citizensclimatelobby.org\/es\/wp-json\/wp\/v2\/media?parent=53057"}],"curies":[{"name":"wp","href":"https:\/\/api.w.org\/{rel}","templated":true}]}}